{"id":72583,"date":"2026-03-31T13:07:14","date_gmt":"2026-03-31T18:07:14","guid":{"rendered":"https:\/\/nazarene.org\/ag27-dni\/"},"modified":"2026-04-30T11:41:07","modified_gmt":"2026-04-30T16:41:07","slug":"ag27-dni","status":"publish","type":"page","link":"https:\/\/nazarene.org\/pt-br\/ag27-dni\/","title":{"rendered":"ag27 DNI"},"content":{"rendered":"\t\t<div data-elementor-type=\"wp-page\" data-elementor-id=\"72583\" class=\"elementor elementor-72583 elementor-71504\" data-elementor-post-type=\"page\">\n\t\t\t\t<div class=\"elementor-element elementor-element-a8d6069 e-con-full e-flex e-con e-parent\" data-id=\"a8d6069\" data-element_type=\"container\" data-e-type=\"container\" data-settings=\"{&quot;background_background&quot;:&quot;classic&quot;,&quot;jet_parallax_layout_list&quot;:[],&quot;sticky&quot;:&quot;top&quot;,&quot;sticky_offset&quot;:125,&quot;sticky_offset_mobile&quot;:112,&quot;sticky_on&quot;:[&quot;widescreen&quot;,&quot;desktop&quot;,&quot;tablet&quot;,&quot;mobile&quot;],&quot;sticky_effects_offset&quot;:0,&quot;sticky_anchor_link_offset&quot;:0}\">\n\t\t\t\t<div class=\"elementor-element elementor-element-9d32a53 elementor-widget elementor-widget-heading\" data-id=\"9d32a53\" data-element_type=\"widget\" data-e-type=\"widget\" data-widget_type=\"heading.default\">\n\t\t\t\t<div class=\"elementor-widget-container\">\n\t\t\t\t\t<span class=\"elementor-heading-title elementor-size-default\">Assembleia Geral &amp; Conven\u00e7\u00f5es<\/span>\t\t\t\t<\/div>\n\t\t\t\t<\/div>\n\t\t\t\t<div class=\"elementor-element elementor-element-3467e27 e-n-menu-mobile_extra elementor-hidden-tablet elementor-hidden-mobile e-full_width e-n-menu-layout-horizontal elementor-widget elementor-widget-n-menu\" data-id=\"3467e27\" data-element_type=\"widget\" data-e-type=\"widget\" data-settings=\"{&quot;menu_items&quot;:[{&quot;item_title&quot;:&quot;Voltar \\u00e0 p\\u00e1gina da Assembleia Geral&quot;,&quot;_id&quot;:&quot;4010c63&quot;,&quot;item_dropdown_content&quot;:&quot;&quot;,&quot;item_link&quot;:{&quot;url&quot;:&quot;https:\\\/\\\/nazarene.org\\\/pt-br\\\/assembleia-geral\\\/&quot;,&quot;is_external&quot;:&quot;&quot;,&quot;nofollow&quot;:&quot;&quot;,&quot;custom_attributes&quot;:&quot;&quot;},&quot;__dynamic__&quot;:null,&quot;item_icon&quot;:{&quot;value&quot;:&quot;&quot;,&quot;library&quot;:&quot;&quot;},&quot;item_icon_active&quot;:null,&quot;element_id&quot;:&quot;&quot;}],&quot;item_position_horizontal&quot;:&quot;center&quot;,&quot;item_position_horizontal_mobile&quot;:&quot;start&quot;,&quot;breakpoint_selector&quot;:&quot;mobile_extra&quot;,&quot;item_position_horizontal_widescreen&quot;:&quot;center&quot;,&quot;content_width&quot;:&quot;full_width&quot;,&quot;item_layout&quot;:&quot;horizontal&quot;,&quot;open_on&quot;:&quot;hover&quot;,&quot;horizontal_scroll&quot;:&quot;disable&quot;,&quot;menu_item_title_distance_from_content&quot;:{&quot;unit&quot;:&quot;px&quot;,&quot;size&quot;:0,&quot;sizes&quot;:[]},&quot;menu_item_title_distance_from_content_widescreen&quot;:{&quot;unit&quot;:&quot;px&quot;,&quot;size&quot;:&quot;&quot;,&quot;sizes&quot;:[]},&quot;menu_item_title_distance_from_content_tablet&quot;:{&quot;unit&quot;:&quot;px&quot;,&quot;size&quot;:&quot;&quot;,&quot;sizes&quot;:[]},&quot;menu_item_title_distance_from_content_mobile&quot;:{&quot;unit&quot;:&quot;px&quot;,&quot;size&quot;:&quot;&quot;,&quot;sizes&quot;:[]}}\" data-widget_type=\"mega-menu.default\">\n\t\t\t\t<div class=\"elementor-widget-container\">\n\t\t\t\t\t\t\t<nav class=\"e-n-menu\" data-widget-number=\"549\" aria-label=\"Menu\">\n\t\t\t\t\t<button class=\"e-n-menu-toggle\" id=\"menu-toggle-549\" aria-haspopup=\"true\" aria-expanded=\"false\" aria-controls=\"menubar-549\" aria-label=\"Alternar menu\">\n\t\t\t<span class=\"e-n-menu-toggle-icon e-open\">\n\t\t\t\t<svg class=\"e-font-icon-svg e-fas-caret-down\" viewBox=\"0 0 320 512\" xmlns=\"http:\/\/www.w3.org\/2000\/svg\"><path d=\"M31.3 192h257.3c17.8 0 26.7 21.5 14.1 34.1L174.1 354.8c-7.8 7.8-20.5 7.8-28.3 0L17.2 226.1C4.6 213.5 13.5 192 31.3 192z\"><\/path><\/svg>\t\t\t<\/span>\n\t\t\t<span class=\"e-n-menu-toggle-icon e-close\">\n\t\t\t\t<svg class=\"e-font-icon-svg e-fas-caret-up\" viewBox=\"0 0 320 512\" xmlns=\"http:\/\/www.w3.org\/2000\/svg\"><path d=\"M288.662 352H31.338c-17.818 0-26.741-21.543-14.142-34.142l128.662-128.662c7.81-7.81 20.474-7.81 28.284 0l128.662 128.662c12.6 12.599 3.676 34.142-14.142 34.142z\"><\/path><\/svg>\t\t\t<\/span>\n\t\t<\/button>\n\t\t\t\t\t<div class=\"e-n-menu-wrapper\" id=\"menubar-549\" aria-labelledby=\"menu-toggle-549\">\n\t\t\t\t<ul class=\"e-n-menu-heading\">\n\t\t\t\t\t\t\t\t<li class=\"e-n-menu-item\">\n\t\t\t\t<div id=\"e-n-menu-title-5491\" class=\"e-n-menu-title\">\n\t\t\t\t\t<a class=\"e-n-menu-title-container e-focus e-link\" href=\"https:\/\/nazarene.org\/pt-br\/assembleia-geral\/\">\t\t\t\t\t\t\t\t\t\t\t\t<span class=\"e-n-menu-title-text\">\n\t\t\t\t\t\t\tVoltar \u00e0 p\u00e1gina da Assembleia Geral\t\t\t\t\t\t<\/span>\n\t\t\t\t\t<\/a>\t\t\t\t\t\t\t\t\t<\/div>\n\t\t\t\t\t\t\t<\/li>\n\t\t\t\t\t\t<\/ul>\n\t\t\t<\/div>\n\t\t<\/nav>\n\t\t\t\t\t\t<\/div>\n\t\t\t\t<\/div>\n\t\t\t\t<div class=\"elementor-element elementor-element-8d5f967 elementor-hidden-tablet elementor-hidden-mobile elementor-widget elementor-widget-heading\" data-id=\"8d5f967\" data-element_type=\"widget\" data-e-type=\"widget\" data-widget_type=\"heading.default\">\n\t\t\t\t<div class=\"elementor-widget-container\">\n\t\t\t\t\t<span class=\"elementor-heading-title elementor-size-default\">Assembleia Geral &amp; Conven\u00e7\u00f5es<\/span>\t\t\t\t<\/div>\n\t\t\t\t<\/div>\n\t\t\t\t<\/div>\n\t\t<div class=\"elementor-element elementor-element-524209f e-flex e-con-boxed e-con e-parent\" data-id=\"524209f\" data-element_type=\"container\" data-e-type=\"container\" data-settings=\"{&quot;background_background&quot;:&quot;classic&quot;,&quot;jet_parallax_layout_list&quot;:[]}\">\n\t\t\t\t\t<div class=\"e-con-inner\">\n\t\t\t\t<div class=\"elementor-element elementor-element-97cf38b elementor-widget__width-initial elementor-widget elementor-widget-image\" data-id=\"97cf38b\" data-element_type=\"widget\" data-e-type=\"widget\" data-widget_type=\"image.default\">\n\t\t\t\t<div class=\"elementor-widget-container\">\n\t\t\t\t\t\t\t\t\t\t\t\t\t\t\t<img fetchpriority=\"high\" decoding=\"async\" width=\"800\" height=\"800\" src=\"https:\/\/nazarene.org\/wp-content\/uploads\/2026\/04\/PT_ga-27-ndi-circle-logo-black-full-color_Without-NDI_v1-1024x1024.png\" class=\"attachment-large size-large wp-image-73013\" alt=\"\" srcset=\"https:\/\/nazarene.org\/wp-content\/uploads\/2026\/04\/PT_ga-27-ndi-circle-logo-black-full-color_Without-NDI_v1-1024x1024.png 1024w, https:\/\/nazarene.org\/wp-content\/uploads\/2026\/04\/PT_ga-27-ndi-circle-logo-black-full-color_Without-NDI_v1-300x300.png 300w, https:\/\/nazarene.org\/wp-content\/uploads\/2026\/04\/PT_ga-27-ndi-circle-logo-black-full-color_Without-NDI_v1-150x150.png 150w, https:\/\/nazarene.org\/wp-content\/uploads\/2026\/04\/PT_ga-27-ndi-circle-logo-black-full-color_Without-NDI_v1-768x768.png 768w, https:\/\/nazarene.org\/wp-content\/uploads\/2026\/04\/PT_ga-27-ndi-circle-logo-black-full-color_Without-NDI_v1-1536x1536.png 1536w, https:\/\/nazarene.org\/wp-content\/uploads\/2026\/04\/PT_ga-27-ndi-circle-logo-black-full-color_Without-NDI_v1-2048x2048.png 2048w\" sizes=\"(max-width: 800px) 100vw, 800px\" \/>\t\t\t\t\t\t\t\t\t\t\t\t\t\t\t<\/div>\n\t\t\t\t<\/div>\n\t\t\t\t\t<\/div>\n\t\t\t\t<\/div>\n\t\t<div class=\"elementor-element elementor-element-b1af3ad e-flex e-con-boxed e-con e-parent\" data-id=\"b1af3ad\" data-element_type=\"container\" data-e-type=\"container\" data-settings=\"{&quot;background_background&quot;:&quot;classic&quot;,&quot;jet_parallax_layout_list&quot;:[]}\">\n\t\t\t\t\t<div class=\"e-con-inner\">\n\t\t<div class=\"elementor-element elementor-element-da4f012 e-con-full e-flex e-con e-child\" data-id=\"da4f012\" data-element_type=\"container\" data-e-type=\"container\" data-settings=\"{&quot;jet_parallax_layout_list&quot;:[],&quot;background_background&quot;:&quot;classic&quot;}\">\n\t\t\t\t<div class=\"elementor-element elementor-element-6b07b38 elementor-widget elementor-widget-heading\" data-id=\"6b07b38\" data-element_type=\"widget\" data-e-type=\"widget\" data-widget_type=\"heading.default\">\n\t\t\t\t<div class=\"elementor-widget-container\">\n\t\t\t\t\t<div class=\"elementor-heading-title elementor-size-default\">DNI se re\u00fane a cada quadri\u00eanio para um tempo de inspira\u00e7\u00e3o, motiva\u00e7\u00e3o e capacita\u00e7\u00e3o. Junte-se a n\u00f3s em 2027 enquanto celebramos o discipulado \"Em Nome de Jesus\". <\/div>\t\t\t\t<\/div>\n\t\t\t\t<\/div>\n\t\t\t\t<\/div>\n\t\t<div class=\"elementor-element elementor-element-f51dcd2 e-con-full e-flex e-con e-child\" data-id=\"f51dcd2\" data-element_type=\"container\" data-e-type=\"container\" data-settings=\"{&quot;jet_parallax_layout_list&quot;:[],&quot;background_background&quot;:&quot;classic&quot;}\">\n\t\t<div class=\"elementor-element elementor-element-ca14cb0 e-con-full e-flex e-con e-child\" data-id=\"ca14cb0\" data-element_type=\"container\" data-e-type=\"container\" data-settings=\"{&quot;jet_parallax_layout_list&quot;:[]}\">\n\t\t\t\t<div class=\"elementor-element elementor-element-cf9c34b elementor-widget elementor-widget-heading\" data-id=\"cf9c34b\" data-element_type=\"widget\" data-e-type=\"widget\" data-widget_type=\"heading.default\">\n\t\t\t\t<div class=\"elementor-widget-container\">\n\t\t\t\t\t<div class=\"elementor-heading-title elementor-size-default\">25-28 de junho de 2027<\/div>\t\t\t\t<\/div>\n\t\t\t\t<\/div>\n\t\t\t\t<div class=\"elementor-element elementor-element-56de2ed elementor-widget elementor-widget-heading\" data-id=\"56de2ed\" data-element_type=\"widget\" data-e-type=\"widget\" data-widget_type=\"heading.default\">\n\t\t\t\t<div class=\"elementor-widget-container\">\n\t\t\t\t\t<div class=\"elementor-heading-title elementor-size-default\">Conven\u00e7\u00e3o do Discipulado Nazareno Internacional<\/div>\t\t\t\t<\/div>\n\t\t\t\t<\/div>\n\t\t\t\t<div class=\"elementor-element elementor-element-b2111c1 elementor-widget elementor-widget-heading\" data-id=\"b2111c1\" data-element_type=\"widget\" data-e-type=\"widget\" data-widget_type=\"heading.default\">\n\t\t\t\t<div class=\"elementor-widget-container\">\n\t\t\t\t\t<div class=\"elementor-heading-title elementor-size-default\">Grand Ballroom no Centro de Conven\u00e7\u00f5es de Kansas City<\/div>\t\t\t\t<\/div>\n\t\t\t\t<\/div>\n\t\t\t\t<div class=\"elementor-element elementor-element-88b1324 elementor-widget__width-initial elementor-widget elementor-widget-heading\" data-id=\"88b1324\" data-element_type=\"widget\" data-e-type=\"widget\" data-widget_type=\"heading.default\">\n\t\t\t\t<div class=\"elementor-widget-container\">\n\t\t\t\t\t<div class=\"elementor-heading-title elementor-size-default\">*DNI, MNI e a JNI compartilhar\u00e3o o mesmo ambiente de reuni\u00e3o.<\/div>\t\t\t\t<\/div>\n\t\t\t\t<\/div>\n\t\t\t\t<\/div>\n\t\t\t\t<div class=\"elementor-element elementor-element-794ca4b elementor-widget-divider--view-line elementor-widget elementor-widget-divider\" data-id=\"794ca4b\" data-element_type=\"widget\" data-e-type=\"widget\" data-widget_type=\"divider.default\">\n\t\t\t\t<div class=\"elementor-widget-container\">\n\t\t\t\t\t\t\t<div class=\"elementor-divider\">\n\t\t\t<span class=\"elementor-divider-separator\">\n\t\t\t\t\t\t<\/span>\n\t\t<\/div>\n\t\t\t\t\t\t<\/div>\n\t\t\t\t<\/div>\n\t\t\t\t<div class=\"elementor-element elementor-element-712c093 elementor-widget elementor-widget-heading\" data-id=\"712c093\" data-element_type=\"widget\" data-e-type=\"widget\" data-widget_type=\"heading.default\">\n\t\t\t\t<div class=\"elementor-widget-container\">\n\t\t\t\t\t<h6 class=\"elementor-heading-title elementor-size-default\">Datas importantes a serem lembradas<\/h6>\t\t\t\t<\/div>\n\t\t\t\t<\/div>\n\t\t\t\t<\/div>\n\t\t<div class=\"elementor-element elementor-element-1365837 e-flex e-con-boxed e-con e-child\" data-id=\"1365837\" data-element_type=\"container\" data-e-type=\"container\" data-settings=\"{&quot;jet_parallax_layout_list&quot;:[],&quot;background_background&quot;:&quot;classic&quot;}\">\n\t\t\t\t\t<div class=\"e-con-inner\">\n\t\t<div class=\"elementor-element elementor-element-4e9369b e-con-full e-flex e-con e-child\" data-id=\"4e9369b\" data-element_type=\"container\" data-e-type=\"container\" data-settings=\"{&quot;background_background&quot;:&quot;classic&quot;,&quot;jet_parallax_layout_list&quot;:[]}\">\n\t\t\t\t<div class=\"elementor-element elementor-element-7c00928 elementor-widget elementor-widget-heading\" data-id=\"7c00928\" data-element_type=\"widget\" data-e-type=\"widget\" data-widget_type=\"heading.default\">\n\t\t\t\t<div class=\"elementor-widget-container\">\n\t\t\t\t\t<div class=\"elementor-heading-title elementor-size-default\">Celebra\u00e7\u00e3o dos Minist\u00e9rios da Igreja Local<\/div>\t\t\t\t<\/div>\n\t\t\t\t<\/div>\n\t\t\t\t<div class=\"elementor-element elementor-element-e81f609 elementor-widget elementor-widget-heading\" data-id=\"e81f609\" data-element_type=\"widget\" data-e-type=\"widget\" data-widget_type=\"heading.default\">\n\t\t\t\t<div class=\"elementor-widget-container\">\n\t\t\t\t\t<div class=\"elementor-heading-title elementor-size-default\">25 de junho, \u00e0s 8h<\/div>\t\t\t\t<\/div>\n\t\t\t\t<\/div>\n\t\t\t\t<\/div>\n\t\t<div class=\"elementor-element elementor-element-e2c1f70 e-con-full e-flex e-con e-child\" data-id=\"e2c1f70\" data-element_type=\"container\" data-e-type=\"container\" data-settings=\"{&quot;background_background&quot;:&quot;classic&quot;,&quot;jet_parallax_layout_list&quot;:[]}\">\n\t\t\t\t<div class=\"elementor-element elementor-element-51e5ec2 elementor-widget elementor-widget-heading\" data-id=\"51e5ec2\" data-element_type=\"widget\" data-e-type=\"widget\" data-widget_type=\"heading.default\">\n\t\t\t\t<div class=\"elementor-widget-container\">\n\t\t\t\t\t<div class=\"elementor-heading-title elementor-size-default\">Celebra\u00e7\u00e3o de envio dos Minist\u00e9rios da Igreja Local<\/div>\t\t\t\t<\/div>\n\t\t\t\t<\/div>\n\t\t\t\t<div class=\"elementor-element elementor-element-bebcc49 elementor-widget elementor-widget-heading\" data-id=\"bebcc49\" data-element_type=\"widget\" data-e-type=\"widget\" data-widget_type=\"heading.default\">\n\t\t\t\t<div class=\"elementor-widget-container\">\n\t\t\t\t\t<div class=\"elementor-heading-title elementor-size-default\">27 de junho, \u00e0s 16h<\/div>\t\t\t\t<\/div>\n\t\t\t\t<\/div>\n\t\t\t\t<\/div>\n\t\t<div class=\"elementor-element elementor-element-e49ffe8 e-con-full e-flex e-con e-child\" data-id=\"e49ffe8\" data-element_type=\"container\" data-e-type=\"container\" data-settings=\"{&quot;background_background&quot;:&quot;classic&quot;,&quot;jet_parallax_layout_list&quot;:[]}\">\n\t\t\t\t<div class=\"elementor-element elementor-element-89db52f elementor-widget elementor-widget-heading\" data-id=\"89db52f\" data-element_type=\"widget\" data-e-type=\"widget\" data-widget_type=\"heading.default\">\n\t\t\t\t<div class=\"elementor-widget-container\">\n\t\t\t\t\t<div class=\"elementor-heading-title elementor-size-default\">Discurso Quadrienal dos Superintendentes Gerais<\/div>\t\t\t\t<\/div>\n\t\t\t\t<\/div>\n\t\t\t\t<div class=\"elementor-element elementor-element-8957c05 elementor-widget elementor-widget-heading\" data-id=\"8957c05\" data-element_type=\"widget\" data-e-type=\"widget\" data-widget_type=\"heading.default\">\n\t\t\t\t<div class=\"elementor-widget-container\">\n\t\t\t\t\t<div class=\"elementor-heading-title elementor-size-default\">28 de junho, \u00e0s 8h<\/div>\t\t\t\t<\/div>\n\t\t\t\t<\/div>\n\t\t\t\t<\/div>\n\t\t\t\t\t<\/div>\n\t\t\t\t<\/div>\n\t\t\t\t\t<\/div>\n\t\t\t\t<\/div>\n\t\t<div class=\"elementor-element elementor-element-562d8f2 e-flex e-con-boxed e-con e-parent\" data-id=\"562d8f2\" data-element_type=\"container\" data-e-type=\"container\" data-settings=\"{&quot;background_background&quot;:&quot;classic&quot;,&quot;jet_parallax_layout_list&quot;:[]}\">\n\t\t\t\t\t<div class=\"e-con-inner\">\n\t\t<div class=\"elementor-element elementor-element-d042cb1 e-con-full e-flex e-con e-child\" data-id=\"d042cb1\" data-element_type=\"container\" data-e-type=\"container\" data-settings=\"{&quot;jet_parallax_layout_list&quot;:[]}\">\n\t\t<div class=\"elementor-element elementor-element-8e6a726 e-con-full e-flex e-con e-child\" data-id=\"8e6a726\" data-element_type=\"container\" data-e-type=\"container\" data-settings=\"{&quot;jet_parallax_layout_list&quot;:[],&quot;background_background&quot;:&quot;classic&quot;}\">\n\t\t\t\t<div class=\"elementor-element elementor-element-20abd29 elementor-widget elementor-widget-heading\" data-id=\"20abd29\" data-element_type=\"widget\" data-e-type=\"widget\" data-widget_type=\"heading.default\">\n\t\t\t\t<div class=\"elementor-widget-container\">\n\t\t\t\t\t<h2 class=\"elementor-heading-title elementor-size-default\">Celebra\u00e7\u00e3o dos Minist\u00e9rios da Igreja Local<\/h2>\t\t\t\t<\/div>\n\t\t\t\t<\/div>\n\t\t\t\t<div class=\"elementor-element elementor-element-d7571bf elementor-widget-divider--view-line elementor-widget elementor-widget-divider\" data-id=\"d7571bf\" data-element_type=\"widget\" data-e-type=\"widget\" data-widget_type=\"divider.default\">\n\t\t\t\t<div class=\"elementor-widget-container\">\n\t\t\t\t\t\t\t<div class=\"elementor-divider\">\n\t\t\t<span class=\"elementor-divider-separator\">\n\t\t\t\t\t\t<\/span>\n\t\t<\/div>\n\t\t\t\t\t\t<\/div>\n\t\t\t\t<\/div>\n\t\t<div class=\"elementor-element elementor-element-45f6904 e-con-full e-flex e-con e-child\" data-id=\"45f6904\" data-element_type=\"container\" data-e-type=\"container\" data-settings=\"{&quot;jet_parallax_layout_list&quot;:[]}\">\n\t\t\t\t<div class=\"elementor-element elementor-element-2a5e57f elementor-widget elementor-widget-heading\" data-id=\"2a5e57f\" data-element_type=\"widget\" data-e-type=\"widget\" data-widget_type=\"heading.default\">\n\t\t\t\t<div class=\"elementor-widget-container\">\n\t\t\t\t\t<h2 class=\"elementor-heading-title elementor-size-default\">25 de junho, \u00e0s 8h<br><\/h2>\t\t\t\t<\/div>\n\t\t\t\t<\/div>\n\t\t\t\t<div class=\"elementor-element elementor-element-d97c38b elementor-widget elementor-widget-heading\" data-id=\"d97c38b\" data-element_type=\"widget\" data-e-type=\"widget\" data-widget_type=\"heading.default\">\n\t\t\t\t<div class=\"elementor-widget-container\">\n\t\t\t\t\t<h2 class=\"elementor-heading-title elementor-size-default\">The Grand Ballroom<\/h2>\t\t\t\t<\/div>\n\t\t\t\t<\/div>\n\t\t\t\t<\/div>\n\t\t\t\t<\/div>\n\t\t<div class=\"elementor-element elementor-element-8b71151 e-con-full e-flex e-con e-child\" data-id=\"8b71151\" data-element_type=\"container\" data-e-type=\"container\" data-settings=\"{&quot;jet_parallax_layout_list&quot;:[]}\">\n\t\t\t\t<div class=\"elementor-element elementor-element-443b1b9 elementor-widget elementor-widget-text-editor\" data-id=\"443b1b9\" data-element_type=\"widget\" data-e-type=\"widget\" data-widget_type=\"text-editor.default\">\n\t\t\t\t<div class=\"elementor-widget-container\">\n\t\t\t\t\t\t\t\t\t<p>Pela primeira vez na hist\u00f3ria de nossa denomina\u00e7\u00e3o, os tr\u00eas minist\u00e9rios que comp\u00f5em os Minist\u00e9rios da Igreja Local \u2014 Discipulado Nazareno Internacional (DNI), Miss\u00f5es Nazarenas Internacionais (MNI) e Juventude Nazarena Internacional (JNI) \u2014 se reunir\u00e3o para dar in\u00edcio \u00e0 Assembleia Geral. Este momento hist\u00f3rico destaca nossa miss\u00e3o compartilhada e nosso compromisso unificado com a igreja local como o principal lugar onde disc\u00edpulos de todas as idades s\u00e3o formados e enviados. <\/p><p>Juntos, nos uniremos em adora\u00e7\u00e3o, buscando a presen\u00e7a de Deus antes da obra que temos pela frente e celebrando a igreja local \u2014 onde vidas s\u00e3o transformadas, comunidades s\u00e3o alcan\u00e7adas e a miss\u00e3o de Jesus \u00e9 vivida todos os dias.<\/p><p>Esta celebra\u00e7\u00e3o \u00e9 para toda a igreja \u2014 delegados, pastores, superintendentes, mission\u00e1rios e amigos de todas as idades \u2014 para todos que t\u00eam um cora\u00e7\u00e3o voltado para a igreja local! Venha e junte-se a n\u00f3s para iniciar nossa semana de conven\u00e7\u00f5es e assembleias em unidade guiada pelo Esp\u00edrito.  <\/p>\t\t\t\t\t\t\t\t<\/div>\n\t\t\t\t<\/div>\n\t\t\t\t<\/div>\n\t\t\t\t<\/div>\n\t\t\t\t\t<\/div>\n\t\t\t\t<\/div>\n\t\t\t\t<\/div>\n\t\t","protected":false},"excerpt":{"rendered":"<p>Assembleia Geral &amp; Conven\u00e7\u00f5es Voltar \u00e0 p\u00e1gina da Assembleia Geral Equipe Global Recursos da Jornada Recursos Seja &#8211; Fa\u00e7a &#8211; V\u00e1 S\u00e9ries para envolvimento dos jovens Assembleia Geral &amp; Conven\u00e7\u00f5es DNI se re\u00fane a cada quadri\u00eanio para um tempo de inspira\u00e7\u00e3o, motiva\u00e7\u00e3o e capacita\u00e7\u00e3o. Junte-se a n\u00f3s em 2027 enquanto celebramos o discipulado &#8220;Em Nome [&hellip;]<\/p>\n","protected":false},"author":5,"featured_media":0,"parent":0,"menu_order":0,"comment_status":"closed","ping_status":"closed","template":"","meta":{"content-type":"","_jet_sm_ready_style":"","_jet_sm_style":"","_jet_sm_controls_values":"","_jet_sm_fonts_collection":"","_jet_sm_fonts_links":"","footnotes":""},"class_list":["post-72583","page","type-page","status-publish","hentry"],"yoast_head":"<!-- This site is optimized with the Yoast SEO Premium plugin v27.1 (Yoast SEO v27.1.1) - https:\/\/yoast.com\/product\/yoast-seo-premium-wordpress\/ -->\n<title>ag27 DNI - Church of the Nazarene<\/title>\n<meta name=\"robots\" content=\"index, follow, max-snippet:-1, max-image-preview:large, max-video-preview:-1\" \/>\n<link rel=\"canonical\" href=\"https:\/\/nazarene.org\/pt-br\/ag27-dni\/\" \/>\n<meta property=\"og:locale\" content=\"pt_BR\" \/>\n<meta property=\"og:type\" content=\"article\" \/>\n<meta property=\"og:title\" content=\"ag27 DNI\" \/>\n<meta property=\"og:description\" content=\"Assembleia Geral &amp; Conven\u00e7\u00f5es Voltar \u00e0 p\u00e1gina da Assembleia Geral Equipe Global Recursos da Jornada Recursos Seja &#8211; Fa\u00e7a &#8211; V\u00e1 S\u00e9ries para envolvimento dos jovens Assembleia Geral &amp; Conven\u00e7\u00f5es DNI se re\u00fane a cada quadri\u00eanio para um tempo de inspira\u00e7\u00e3o, motiva\u00e7\u00e3o e capacita\u00e7\u00e3o. Junte-se a n\u00f3s em 2027 enquanto celebramos o discipulado &#8220;Em Nome [&hellip;]\" \/>\n<meta property=\"og:url\" content=\"https:\/\/nazarene.org\/pt-br\/ag27-dni\/\" \/>\n<meta property=\"og:site_name\" content=\"Church of the Nazarene\" \/>\n<meta property=\"article:publisher\" content=\"https:\/\/www.facebook.com\/NazareneOfficial\/\" \/>\n<meta property=\"article:modified_time\" content=\"2026-04-30T16:41:07+00:00\" \/>\n<meta property=\"og:image\" content=\"https:\/\/nazarene.org\/wp-content\/uploads\/2026\/04\/PT_ga-27-ndi-circle-logo-black-full-color_Without-NDI_v1-scaled.png\" \/>\n\t<meta property=\"og:image:width\" content=\"2560\" \/>\n\t<meta property=\"og:image:height\" content=\"2560\" \/>\n\t<meta property=\"og:image:type\" content=\"image\/png\" \/>\n<meta name=\"twitter:card\" content=\"summary_large_image\" \/>\n<meta name=\"twitter:site\" content=\"@Nazarene\" \/>\n<script type=\"application\/ld+json\" class=\"yoast-schema-graph\">{\"@context\":\"https:\/\/schema.org\",\"@graph\":[{\"@type\":\"WebPage\",\"@id\":\"https:\/\/nazarene.org\/pt-br\/ag27-dni\/\",\"url\":\"https:\/\/nazarene.org\/pt-br\/ag27-dni\/\",\"name\":\"ag27 DNI - Church of the Nazarene\",\"isPartOf\":{\"@id\":\"https:\/\/nazarene.org\/pt-br\/#website\"},\"primaryImageOfPage\":{\"@id\":\"https:\/\/nazarene.org\/pt-br\/ag27-dni\/#primaryimage\"},\"image\":{\"@id\":\"https:\/\/nazarene.org\/pt-br\/ag27-dni\/#primaryimage\"},\"thumbnailUrl\":\"https:\/\/nazarene.org\/wp-content\/uploads\/2026\/04\/PT_ga-27-ndi-circle-logo-black-full-color_Without-NDI_v1-1024x1024.png\",\"datePublished\":\"2026-03-31T18:07:14+00:00\",\"dateModified\":\"2026-04-30T16:41:07+00:00\",\"breadcrumb\":{\"@id\":\"https:\/\/nazarene.org\/pt-br\/ag27-dni\/#breadcrumb\"},\"inLanguage\":\"pt-BR\",\"potentialAction\":[{\"@type\":\"ReadAction\",\"target\":[\"https:\/\/nazarene.org\/pt-br\/ag27-dni\/\"]}]},{\"@type\":\"ImageObject\",\"inLanguage\":\"pt-BR\",\"@id\":\"https:\/\/nazarene.org\/pt-br\/ag27-dni\/#primaryimage\",\"url\":\"https:\/\/nazarene.org\/wp-content\/uploads\/2026\/04\/PT_ga-27-ndi-circle-logo-black-full-color_Without-NDI_v1-1024x1024.png\",\"contentUrl\":\"https:\/\/nazarene.org\/wp-content\/uploads\/2026\/04\/PT_ga-27-ndi-circle-logo-black-full-color_Without-NDI_v1-1024x1024.png\"},{\"@type\":\"BreadcrumbList\",\"@id\":\"https:\/\/nazarene.org\/pt-br\/ag27-dni\/#breadcrumb\",\"itemListElement\":[{\"@type\":\"ListItem\",\"position\":1,\"name\":\"Home\",\"item\":\"https:\/\/nazarene.org\/pt-br\/\"},{\"@type\":\"ListItem\",\"position\":2,\"name\":\"ag27 DNI\"}]},{\"@type\":\"WebSite\",\"@id\":\"https:\/\/nazarene.org\/pt-br\/#website\",\"url\":\"https:\/\/nazarene.org\/pt-br\/\",\"name\":\"Church of the Nazarene\",\"description\":\"Making Christlike Disciples in the Nations\",\"publisher\":{\"@id\":\"https:\/\/nazarene.org\/pt-br\/#organization\"},\"potentialAction\":[{\"@type\":\"SearchAction\",\"target\":{\"@type\":\"EntryPoint\",\"urlTemplate\":\"https:\/\/nazarene.org\/pt-br\/?s={search_term_string}\"},\"query-input\":{\"@type\":\"PropertyValueSpecification\",\"valueRequired\":true,\"valueName\":\"search_term_string\"}}],\"inLanguage\":\"pt-BR\"},{\"@type\":\"Organization\",\"@id\":\"https:\/\/nazarene.org\/pt-br\/#organization\",\"name\":\"Church of the Nazarene\",\"url\":\"https:\/\/nazarene.org\/pt-br\/\",\"logo\":{\"@type\":\"ImageObject\",\"inLanguage\":\"pt-BR\",\"@id\":\"https:\/\/nazarene.org\/pt-br\/#\/schema\/logo\/image\/\",\"url\":\"https:\/\/nazarene.org\/wp-content\/uploads\/2024\/06\/Naz_Desktop_Black_Logo-1.svg\",\"contentUrl\":\"https:\/\/nazarene.org\/wp-content\/uploads\/2024\/06\/Naz_Desktop_Black_Logo-1.svg\",\"width\":258,\"height\":36,\"caption\":\"Church of the Nazarene\"},\"image\":{\"@id\":\"https:\/\/nazarene.org\/pt-br\/#\/schema\/logo\/image\/\"},\"sameAs\":[\"https:\/\/www.facebook.com\/NazareneOfficial\/\",\"https:\/\/x.com\/Nazarene\",\"https:\/\/www.instagram.com\/nazareneofficial\/\"]}]}<\/script>\n<!-- \/ Yoast SEO Premium plugin. -->","yoast_head_json":{"title":"ag27 DNI - Church of the Nazarene","robots":{"index":"index","follow":"follow","max-snippet":"max-snippet:-1","max-image-preview":"max-image-preview:large","max-video-preview":"max-video-preview:-1"},"canonical":"https:\/\/nazarene.org\/pt-br\/ag27-dni\/","og_locale":"pt_BR","og_type":"article","og_title":"ag27 DNI","og_description":"Assembleia Geral &amp; Conven\u00e7\u00f5es Voltar \u00e0 p\u00e1gina da Assembleia Geral Equipe Global Recursos da Jornada Recursos Seja &#8211; Fa\u00e7a &#8211; V\u00e1 S\u00e9ries para envolvimento dos jovens Assembleia Geral &amp; Conven\u00e7\u00f5es DNI se re\u00fane a cada quadri\u00eanio para um tempo de inspira\u00e7\u00e3o, motiva\u00e7\u00e3o e capacita\u00e7\u00e3o. Junte-se a n\u00f3s em 2027 enquanto celebramos o discipulado &#8220;Em Nome [&hellip;]","og_url":"https:\/\/nazarene.org\/pt-br\/ag27-dni\/","og_site_name":"Church of the Nazarene","article_publisher":"https:\/\/www.facebook.com\/NazareneOfficial\/","article_modified_time":"2026-04-30T16:41:07+00:00","og_image":[{"width":2560,"height":2560,"url":"https:\/\/nazarene.org\/wp-content\/uploads\/2026\/04\/PT_ga-27-ndi-circle-logo-black-full-color_Without-NDI_v1-scaled.png","type":"image\/png"}],"twitter_card":"summary_large_image","twitter_site":"@Nazarene","schema":{"@context":"https:\/\/schema.org","@graph":[{"@type":"WebPage","@id":"https:\/\/nazarene.org\/pt-br\/ag27-dni\/","url":"https:\/\/nazarene.org\/pt-br\/ag27-dni\/","name":"ag27 DNI - Church of the Nazarene","isPartOf":{"@id":"https:\/\/nazarene.org\/pt-br\/#website"},"primaryImageOfPage":{"@id":"https:\/\/nazarene.org\/pt-br\/ag27-dni\/#primaryimage"},"image":{"@id":"https:\/\/nazarene.org\/pt-br\/ag27-dni\/#primaryimage"},"thumbnailUrl":"https:\/\/nazarene.org\/wp-content\/uploads\/2026\/04\/PT_ga-27-ndi-circle-logo-black-full-color_Without-NDI_v1-1024x1024.png","datePublished":"2026-03-31T18:07:14+00:00","dateModified":"2026-04-30T16:41:07+00:00","breadcrumb":{"@id":"https:\/\/nazarene.org\/pt-br\/ag27-dni\/#breadcrumb"},"inLanguage":"pt-BR","potentialAction":[{"@type":"ReadAction","target":["https:\/\/nazarene.org\/pt-br\/ag27-dni\/"]}]},{"@type":"ImageObject","inLanguage":"pt-BR","@id":"https:\/\/nazarene.org\/pt-br\/ag27-dni\/#primaryimage","url":"https:\/\/nazarene.org\/wp-content\/uploads\/2026\/04\/PT_ga-27-ndi-circle-logo-black-full-color_Without-NDI_v1-1024x1024.png","contentUrl":"https:\/\/nazarene.org\/wp-content\/uploads\/2026\/04\/PT_ga-27-ndi-circle-logo-black-full-color_Without-NDI_v1-1024x1024.png"},{"@type":"BreadcrumbList","@id":"https:\/\/nazarene.org\/pt-br\/ag27-dni\/#breadcrumb","itemListElement":[{"@type":"ListItem","position":1,"name":"Home","item":"https:\/\/nazarene.org\/pt-br\/"},{"@type":"ListItem","position":2,"name":"ag27 DNI"}]},{"@type":"WebSite","@id":"https:\/\/nazarene.org\/pt-br\/#website","url":"https:\/\/nazarene.org\/pt-br\/","name":"Church of the Nazarene","description":"Making Christlike Disciples in the Nations","publisher":{"@id":"https:\/\/nazarene.org\/pt-br\/#organization"},"potentialAction":[{"@type":"SearchAction","target":{"@type":"EntryPoint","urlTemplate":"https:\/\/nazarene.org\/pt-br\/?s={search_term_string}"},"query-input":{"@type":"PropertyValueSpecification","valueRequired":true,"valueName":"search_term_string"}}],"inLanguage":"pt-BR"},{"@type":"Organization","@id":"https:\/\/nazarene.org\/pt-br\/#organization","name":"Church of the Nazarene","url":"https:\/\/nazarene.org\/pt-br\/","logo":{"@type":"ImageObject","inLanguage":"pt-BR","@id":"https:\/\/nazarene.org\/pt-br\/#\/schema\/logo\/image\/","url":"https:\/\/nazarene.org\/wp-content\/uploads\/2024\/06\/Naz_Desktop_Black_Logo-1.svg","contentUrl":"https:\/\/nazarene.org\/wp-content\/uploads\/2024\/06\/Naz_Desktop_Black_Logo-1.svg","width":258,"height":36,"caption":"Church of the Nazarene"},"image":{"@id":"https:\/\/nazarene.org\/pt-br\/#\/schema\/logo\/image\/"},"sameAs":["https:\/\/www.facebook.com\/NazareneOfficial\/","https:\/\/x.com\/Nazarene","https:\/\/www.instagram.com\/nazareneofficial\/"]}]}},"_links":{"self":[{"href":"https:\/\/nazarene.org\/pt-br\/wp-json\/wp\/v2\/pages\/72583","targetHints":{"allow":["GET"]}}],"collection":[{"href":"https:\/\/nazarene.org\/pt-br\/wp-json\/wp\/v2\/pages"}],"about":[{"href":"https:\/\/nazarene.org\/pt-br\/wp-json\/wp\/v2\/types\/page"}],"author":[{"embeddable":true,"href":"https:\/\/nazarene.org\/pt-br\/wp-json\/wp\/v2\/users\/5"}],"replies":[{"embeddable":true,"href":"https:\/\/nazarene.org\/pt-br\/wp-json\/wp\/v2\/comments?post=72583"}],"version-history":[{"count":14,"href":"https:\/\/nazarene.org\/pt-br\/wp-json\/wp\/v2\/pages\/72583\/revisions"}],"predecessor-version":[{"id":73018,"href":"https:\/\/nazarene.org\/pt-br\/wp-json\/wp\/v2\/pages\/72583\/revisions\/73018"}],"wp:attachment":[{"href":"https:\/\/nazarene.org\/pt-br\/wp-json\/wp\/v2\/media?parent=72583"}],"curies":[{"name":"wp","href":"https:\/\/api.w.org\/{rel}","templated":true}]}}