{"version":"1.0","provider_name":"Church of the Nazarene","provider_url":"https:\/\/nazarene.org\/pt-br\/","author_name":"Eunike Villanueva","author_url":"https:\/\/nazarene.org\/pt-br\/author\/evillanueva\/","title":"Fazer Acampamentos de Ver\u00e3o Importantes","type":"rich","width":600,"height":338,"html":"<blockquote class=\"wp-embedded-content\" data-secret=\"XDngQX8Q1k\"><a href=\"https:\/\/nazarene.org\/pt-br\/ndi-journey\/fazer-acampamentos-de-verao-importantes\/\">Fazer Acampamentos de Ver\u00e3o Importantes<\/a><\/blockquote><iframe sandbox=\"allow-scripts\" security=\"restricted\" src=\"https:\/\/nazarene.org\/pt-br\/ndi-journey\/fazer-acampamentos-de-verao-importantes\/embed\/#?secret=XDngQX8Q1k\" width=\"600\" height=\"338\" title=\"&#8220;Fazer Acampamentos de Ver\u00e3o Importantes&#8221; &#8212; Church of the Nazarene\" data-secret=\"XDngQX8Q1k\" frameborder=\"0\" marginwidth=\"0\" marginheight=\"0\" scrolling=\"no\" class=\"wp-embedded-content\"><\/iframe><script>\n\/*! This file is auto-generated *\/\n!function(d,l){\"use strict\";l.querySelector&&d.addEventListener&&\"undefined\"!=typeof URL&&(d.wp=d.wp||{},d.wp.receiveEmbedMessage||(d.wp.receiveEmbedMessage=function(e){var t=e.data;if((t||t.secret||t.message||t.value)&&!\/[^a-zA-Z0-9]\/.test(t.secret)){for(var s,r,n,a=l.querySelectorAll('iframe[data-secret=\"'+t.secret+'\"]'),o=l.querySelectorAll('blockquote[data-secret=\"'+t.secret+'\"]'),c=new RegExp(\"^https?:$\",\"i\"),i=0;i<o.length;i++)o[i].style.display=\"none\";for(i=0;i<a.length;i++)s=a[i],e.source===s.contentWindow&&(s.removeAttribute(\"style\"),\"height\"===t.message?(1e3<(r=parseInt(t.value,10))?r=1e3:~~r<200&&(r=200),s.height=r):\"link\"===t.message&&(r=new URL(s.getAttribute(\"src\")),n=new URL(t.value),c.test(n.protocol))&&n.host===r.host&&l.activeElement===s&&(d.top.location.href=t.value))}},d.addEventListener(\"message\",d.wp.receiveEmbedMessage,!1),l.addEventListener(\"DOMContentLoaded\",function(){for(var e,t,s=l.querySelectorAll(\"iframe.wp-embedded-content\"),r=0;r<s.length;r++)(t=(e=s[r]).getAttribute(\"data-secret\"))||(t=Math.random().toString(36).substring(2,12),e.src+=\"#?secret=\"+t,e.setAttribute(\"data-secret\",t)),e.contentWindow.postMessage({message:\"ready\",secret:t},\"*\")},!1)))}(window,document);\n\/\/# sourceURL=https:\/\/nazarene.org\/wp-includes\/js\/wp-embed.min.js\n<\/script>\n","thumbnail_url":"https:\/\/nazarene.org\/wp-content\/uploads\/2024\/06\/shot-of-a-group-of-friends-holding-a-sign-in-a-out-2023-11-27-04-57-30-utc-768x525.jpg","thumbnail_width":600,"thumbnail_height":410,"description":"Por que nossas igrejas devem priorizar acampamentos de ver\u00e3o? Sei de experi\u00eancia pessoal que acampamentos de ver\u00e3o s\u00e3o transformadores. Na idade de 10, Deus se encontrou comigo em um acampamento de meninos e meninas no leste de Michigan. Uma quarta-feira \u00e0 noite, abri minha vida para a dire\u00e7\u00e3o de Deus como respondi ao convite para [&hellip;]"}