{"version":"1.0","provider_name":"Church of the Nazarene","provider_url":"https:\/\/nazarene.org\/fr\/","author_name":"Jaycee Garcia","author_url":"https:\/\/nazarene.org\/fr\/author\/aprc-admin\/","title":"Une pri\u00e8re pour le Liban","type":"rich","width":600,"height":338,"html":"<blockquote class=\"wp-embedded-content\" data-secret=\"QTRXVKyKAK\"><a href=\"https:\/\/nazarene.org\/fr\/news\/une-priere-pour-le-liban\/\">Une pri\u00e8re pour le Liban<\/a><\/blockquote><iframe sandbox=\"allow-scripts\" security=\"restricted\" src=\"https:\/\/nazarene.org\/fr\/news\/une-priere-pour-le-liban\/embed\/#?secret=QTRXVKyKAK\" width=\"600\" height=\"338\" title=\"\u00ab\u00a0Une pri\u00e8re pour le Liban\u00a0\u00bb &#8212; Church of the Nazarene\" data-secret=\"QTRXVKyKAK\" frameborder=\"0\" marginwidth=\"0\" marginheight=\"0\" scrolling=\"no\" class=\"wp-embedded-content\"><\/iframe><script>\n\/*! This file is auto-generated *\/\n!function(d,l){\"use strict\";l.querySelector&&d.addEventListener&&\"undefined\"!=typeof URL&&(d.wp=d.wp||{},d.wp.receiveEmbedMessage||(d.wp.receiveEmbedMessage=function(e){var t=e.data;if((t||t.secret||t.message||t.value)&&!\/[^a-zA-Z0-9]\/.test(t.secret)){for(var s,r,n,a=l.querySelectorAll('iframe[data-secret=\"'+t.secret+'\"]'),o=l.querySelectorAll('blockquote[data-secret=\"'+t.secret+'\"]'),c=new RegExp(\"^https?:$\",\"i\"),i=0;i<o.length;i++)o[i].style.display=\"none\";for(i=0;i<a.length;i++)s=a[i],e.source===s.contentWindow&&(s.removeAttribute(\"style\"),\"height\"===t.message?(1e3<(r=parseInt(t.value,10))?r=1e3:~~r<200&&(r=200),s.height=r):\"link\"===t.message&&(r=new URL(s.getAttribute(\"src\")),n=new URL(t.value),c.test(n.protocol))&&n.host===r.host&&l.activeElement===s&&(d.top.location.href=t.value))}},d.addEventListener(\"message\",d.wp.receiveEmbedMessage,!1),l.addEventListener(\"DOMContentLoaded\",function(){for(var e,t,s=l.querySelectorAll(\"iframe.wp-embedded-content\"),r=0;r<s.length;r++)(t=(e=s[r]).getAttribute(\"data-secret\"))||(t=Math.random().toString(36).substring(2,12),e.src+=\"#?secret=\"+t,e.setAttribute(\"data-secret\",t)),e.contentWindow.postMessage({message:\"ready\",secret:t},\"*\")},!1)))}(window,document);\n\/\/# sourceURL=https:\/\/nazarene.org\/wp-includes\/js\/wp-embed.min.js\n<\/script>\n","thumbnail_url":"https:\/\/nazarene.org\/wp-content\/uploads\/2025\/02\/NES-School-2022_262-copy.jpg","thumbnail_width":600,"thumbnail_height":320,"description":"Les c\u0153urs ont mal dans le monde entier pour ceux qui vivent les impacts de la guerre qui s'est \u00e9tendue au Liban. Pour en savoir plus sur son impact sur l'\u00e9cole nazar\u00e9enne au Liban et comment soutenir, cliquez sur Lire plus."}