{"version":"1.0","provider_name":"Church of the Nazarene","provider_url":"https:\/\/nazarene.org\/fr\/","author_name":"Jaycee Garcia","author_url":"https:\/\/nazarene.org\/fr\/author\/aprc-admin\/","title":"30e Assembl\u00e9e g\u00e9n\u00e9rale et conventions commence aujourd'hui","type":"rich","width":600,"height":338,"html":"<blockquote class=\"wp-embedded-content\" data-secret=\"cMU8pxyBg9\"><a href=\"https:\/\/nazarene.org\/fr\/news\/30e-assemblee-generale-et-conventions-commence-aujourdhui\/\">30e Assembl\u00e9e g\u00e9n\u00e9rale et conventions commence aujourd&rsquo;hui<\/a><\/blockquote><iframe sandbox=\"allow-scripts\" security=\"restricted\" src=\"https:\/\/nazarene.org\/fr\/news\/30e-assemblee-generale-et-conventions-commence-aujourdhui\/embed\/#?secret=cMU8pxyBg9\" width=\"600\" height=\"338\" title=\"\u00ab\u00a030e Assembl\u00e9e g\u00e9n\u00e9rale et conventions commence aujourd&rsquo;hui\u00a0\u00bb &#8212; Church of the Nazarene\" data-secret=\"cMU8pxyBg9\" frameborder=\"0\" marginwidth=\"0\" marginheight=\"0\" scrolling=\"no\" class=\"wp-embedded-content\"><\/iframe><script>\n\/*! This file is auto-generated *\/\n!function(d,l){\"use strict\";l.querySelector&&d.addEventListener&&\"undefined\"!=typeof URL&&(d.wp=d.wp||{},d.wp.receiveEmbedMessage||(d.wp.receiveEmbedMessage=function(e){var t=e.data;if((t||t.secret||t.message||t.value)&&!\/[^a-zA-Z0-9]\/.test(t.secret)){for(var s,r,n,a=l.querySelectorAll('iframe[data-secret=\"'+t.secret+'\"]'),o=l.querySelectorAll('blockquote[data-secret=\"'+t.secret+'\"]'),c=new RegExp(\"^https?:$\",\"i\"),i=0;i<o.length;i++)o[i].style.display=\"none\";for(i=0;i<a.length;i++)s=a[i],e.source===s.contentWindow&&(s.removeAttribute(\"style\"),\"height\"===t.message?(1e3<(r=parseInt(t.value,10))?r=1e3:~~r<200&&(r=200),s.height=r):\"link\"===t.message&&(r=new URL(s.getAttribute(\"src\")),n=new URL(t.value),c.test(n.protocol))&&n.host===r.host&&l.activeElement===s&&(d.top.location.href=t.value))}},d.addEventListener(\"message\",d.wp.receiveEmbedMessage,!1),l.addEventListener(\"DOMContentLoaded\",function(){for(var e,t,s=l.querySelectorAll(\"iframe.wp-embedded-content\"),r=0;r<s.length;r++)(t=(e=s[r]).getAttribute(\"data-secret\"))||(t=Math.random().toString(36).substring(2,12),e.src+=\"#?secret=\"+t,e.setAttribute(\"data-secret\",t)),e.contentWindow.postMessage({message:\"ready\",secret:t},\"*\")},!1)))}(window,document);\n\/\/# sourceURL=https:\/\/nazarene.org\/wp-includes\/js\/wp-embed.min.js\n<\/script>\n","thumbnail_url":"https:\/\/nazarene.org\/wp-content\/uploads\/2025\/02\/GA-LIve-stream-use-768x410.jpg","thumbnail_width":600,"thumbnail_height":320,"description":"La 30e Assembl\u00e9e g\u00e9n\u00e9rale et les conventions commencent aujourd'hui, 9 juin 2023. Au cours de la semaine prochaine, les Nazar\u00e9ens du monde entier se joindront pour une semaine de c\u00e9l\u00e9bration, d'adoration et d'affaires importantes de l'\u00c9glise. Ceux du monde entier qui sont incapables d'assister \u00e0 la 30e Assembl\u00e9e g\u00e9n\u00e9rale et aux conventions seront capables de suivre pendant les services d'adoration et les sessions d'affaires de l'Assembl\u00e9e g\u00e9n\u00e9rale par un flux en direct."}