{"version":"1.0","provider_name":"Church of the Nazarene","provider_url":"https:\/\/nazarene.org\/fr\/","author_name":"Eunike Villanueva","author_url":"https:\/\/nazarene.org\/fr\/author\/evillanueva\/","title":"P\u00e2ques - Progresser dans notre voyage avec Dieu","type":"rich","width":600,"height":338,"html":"<blockquote class=\"wp-embedded-content\" data-secret=\"U6JXdbcGOe\"><a href=\"https:\/\/nazarene.org\/fr\/ndi-journey\/paques-progresser-dans-notre-voyage-avec-dieu\/\">P\u00e2ques &#8211; Progresser dans notre voyage avec Dieu<\/a><\/blockquote><iframe sandbox=\"allow-scripts\" security=\"restricted\" src=\"https:\/\/nazarene.org\/fr\/ndi-journey\/paques-progresser-dans-notre-voyage-avec-dieu\/embed\/#?secret=U6JXdbcGOe\" width=\"600\" height=\"338\" title=\"\u00ab\u00a0P\u00e2ques &#8211; Progresser dans notre voyage avec Dieu\u00a0\u00bb &#8212; Church of the Nazarene\" data-secret=\"U6JXdbcGOe\" frameborder=\"0\" marginwidth=\"0\" marginheight=\"0\" scrolling=\"no\" class=\"wp-embedded-content\"><\/iframe><script>\n\/*! This file is auto-generated *\/\n!function(d,l){\"use strict\";l.querySelector&&d.addEventListener&&\"undefined\"!=typeof URL&&(d.wp=d.wp||{},d.wp.receiveEmbedMessage||(d.wp.receiveEmbedMessage=function(e){var t=e.data;if((t||t.secret||t.message||t.value)&&!\/[^a-zA-Z0-9]\/.test(t.secret)){for(var s,r,n,a=l.querySelectorAll('iframe[data-secret=\"'+t.secret+'\"]'),o=l.querySelectorAll('blockquote[data-secret=\"'+t.secret+'\"]'),c=new RegExp(\"^https?:$\",\"i\"),i=0;i<o.length;i++)o[i].style.display=\"none\";for(i=0;i<a.length;i++)s=a[i],e.source===s.contentWindow&&(s.removeAttribute(\"style\"),\"height\"===t.message?(1e3<(r=parseInt(t.value,10))?r=1e3:~~r<200&&(r=200),s.height=r):\"link\"===t.message&&(r=new URL(s.getAttribute(\"src\")),n=new URL(t.value),c.test(n.protocol))&&n.host===r.host&&l.activeElement===s&&(d.top.location.href=t.value))}},d.addEventListener(\"message\",d.wp.receiveEmbedMessage,!1),l.addEventListener(\"DOMContentLoaded\",function(){for(var e,t,s=l.querySelectorAll(\"iframe.wp-embedded-content\"),r=0;r<s.length;r++)(t=(e=s[r]).getAttribute(\"data-secret\"))||(t=Math.random().toString(36).substring(2,12),e.src+=\"#?secret=\"+t,e.setAttribute(\"data-secret\",t)),e.contentWindow.postMessage({message:\"ready\",secret:t},\"*\")},!1)))}(window,document);\n\/\/# sourceURL=https:\/\/nazarene.org\/wp-includes\/js\/wp-embed.min.js\n<\/script>\n","thumbnail_url":"https:\/\/nazarene.org\/wp-content\/uploads\/2022\/05\/18-768x512.jpg","thumbnail_width":600,"thumbnail_height":400,"description":"Cette ann\u00e9e, Ash mercredi \u00e9tait le 2 mars, marquant le d\u00e9but du Car\u00eame sur le calendrier chr\u00e9tien. Son origine est d&rsquo;une pratique du huiti\u00e8me si\u00e8cle de marquer le front des chr\u00e9tiens avec des cendres. Parfois, les cendres ont \u00e9t\u00e9 obtenues en br\u00fblant les branches de palme du dimanche des Palmes pr\u00e9c\u00e9dent. Cette pratique est \u00e9galement [&hellip;]"}