{"id":72671,"date":"2026-04-01T09:47:32","date_gmt":"2026-04-01T14:47:32","guid":{"rendered":"https:\/\/nazarene.org\/ag27-jni\/"},"modified":"2026-04-30T15:01:50","modified_gmt":"2026-04-30T20:01:50","slug":"ag27-jni","status":"publish","type":"page","link":"https:\/\/nazarene.org\/es\/ag27-jni\/","title":{"rendered":"AG27 JNI"},"content":{"rendered":"\t\t<div data-elementor-type=\"wp-page\" data-elementor-id=\"72671\" class=\"elementor elementor-72671 elementor-71624\" data-elementor-post-type=\"page\">\n\t\t\t\t<div class=\"elementor-element elementor-element-6ccbe2b e-con-full e-flex e-con e-parent\" data-id=\"6ccbe2b\" data-element_type=\"container\" data-e-type=\"container\" data-settings=\"{&quot;background_background&quot;:&quot;classic&quot;,&quot;jet_parallax_layout_list&quot;:[],&quot;sticky&quot;:&quot;top&quot;,&quot;sticky_offset&quot;:125,&quot;sticky_offset_mobile&quot;:112,&quot;sticky_on&quot;:[&quot;widescreen&quot;,&quot;desktop&quot;,&quot;tablet&quot;,&quot;mobile&quot;],&quot;sticky_effects_offset&quot;:0,&quot;sticky_anchor_link_offset&quot;:0}\">\n\t\t\t\t<div class=\"elementor-element elementor-element-6ba5b32 elementor-widget elementor-widget-heading\" data-id=\"6ba5b32\" data-element_type=\"widget\" data-e-type=\"widget\" data-widget_type=\"heading.default\">\n\t\t\t\t<div class=\"elementor-widget-container\">\n\t\t\t\t\t<span class=\"elementor-heading-title elementor-size-default\">Asamblea General y Convenciones<\/span>\t\t\t\t<\/div>\n\t\t\t\t<\/div>\n\t\t\t\t<div class=\"elementor-element elementor-element-e7cc71c e-n-menu-mobile_extra elementor-hidden-tablet elementor-hidden-mobile e-full_width e-n-menu-layout-horizontal elementor-widget elementor-widget-n-menu\" data-id=\"e7cc71c\" data-element_type=\"widget\" data-e-type=\"widget\" data-settings=\"{&quot;menu_items&quot;:[{&quot;item_title&quot;:&quot;Volver a la p\\u00e1gina de la Asamblea General&quot;,&quot;_id&quot;:&quot;4010c63&quot;,&quot;item_dropdown_content&quot;:&quot;&quot;,&quot;item_link&quot;:{&quot;url&quot;:&quot;https:\\\/\\\/nazarene.org\\\/es\\\/asamblea-general\\\/&quot;,&quot;is_external&quot;:&quot;&quot;,&quot;nofollow&quot;:&quot;&quot;,&quot;custom_attributes&quot;:&quot;&quot;},&quot;__dynamic__&quot;:null,&quot;item_icon&quot;:{&quot;value&quot;:&quot;&quot;,&quot;library&quot;:&quot;&quot;},&quot;item_icon_active&quot;:null,&quot;element_id&quot;:&quot;&quot;}],&quot;item_position_horizontal&quot;:&quot;center&quot;,&quot;item_position_horizontal_mobile&quot;:&quot;start&quot;,&quot;breakpoint_selector&quot;:&quot;mobile_extra&quot;,&quot;item_position_horizontal_widescreen&quot;:&quot;center&quot;,&quot;content_width&quot;:&quot;full_width&quot;,&quot;item_layout&quot;:&quot;horizontal&quot;,&quot;open_on&quot;:&quot;hover&quot;,&quot;horizontal_scroll&quot;:&quot;disable&quot;,&quot;menu_item_title_distance_from_content&quot;:{&quot;unit&quot;:&quot;px&quot;,&quot;size&quot;:0,&quot;sizes&quot;:[]},&quot;menu_item_title_distance_from_content_widescreen&quot;:{&quot;unit&quot;:&quot;px&quot;,&quot;size&quot;:&quot;&quot;,&quot;sizes&quot;:[]},&quot;menu_item_title_distance_from_content_tablet&quot;:{&quot;unit&quot;:&quot;px&quot;,&quot;size&quot;:&quot;&quot;,&quot;sizes&quot;:[]},&quot;menu_item_title_distance_from_content_mobile&quot;:{&quot;unit&quot;:&quot;px&quot;,&quot;size&quot;:&quot;&quot;,&quot;sizes&quot;:[]}}\" data-widget_type=\"mega-menu.default\">\n\t\t\t\t<div class=\"elementor-widget-container\">\n\t\t\t\t\t\t\t<nav class=\"e-n-menu\" data-widget-number=\"243\" aria-label=\"Menu\">\n\t\t\t\t\t<button class=\"e-n-menu-toggle\" id=\"menu-toggle-243\" aria-haspopup=\"true\" aria-expanded=\"false\" aria-controls=\"menubar-243\" aria-label=\"Alternar men\u00fa\">\n\t\t\t<span class=\"e-n-menu-toggle-icon e-open\">\n\t\t\t\t<svg class=\"e-font-icon-svg e-fas-caret-down\" viewBox=\"0 0 320 512\" xmlns=\"http:\/\/www.w3.org\/2000\/svg\"><path d=\"M31.3 192h257.3c17.8 0 26.7 21.5 14.1 34.1L174.1 354.8c-7.8 7.8-20.5 7.8-28.3 0L17.2 226.1C4.6 213.5 13.5 192 31.3 192z\"><\/path><\/svg>\t\t\t<\/span>\n\t\t\t<span class=\"e-n-menu-toggle-icon e-close\">\n\t\t\t\t<svg class=\"e-font-icon-svg e-fas-caret-up\" viewBox=\"0 0 320 512\" xmlns=\"http:\/\/www.w3.org\/2000\/svg\"><path d=\"M288.662 352H31.338c-17.818 0-26.741-21.543-14.142-34.142l128.662-128.662c7.81-7.81 20.474-7.81 28.284 0l128.662 128.662c12.6 12.599 3.676 34.142-14.142 34.142z\"><\/path><\/svg>\t\t\t<\/span>\n\t\t<\/button>\n\t\t\t\t\t<div class=\"e-n-menu-wrapper\" id=\"menubar-243\" aria-labelledby=\"menu-toggle-243\">\n\t\t\t\t<ul class=\"e-n-menu-heading\">\n\t\t\t\t\t\t\t\t<li class=\"e-n-menu-item\">\n\t\t\t\t<div id=\"e-n-menu-title-2431\" class=\"e-n-menu-title\">\n\t\t\t\t\t<a class=\"e-n-menu-title-container e-focus e-link\" href=\"https:\/\/nazarene.org\/es\/asamblea-general\/\">\t\t\t\t\t\t\t\t\t\t\t\t<span class=\"e-n-menu-title-text\">\n\t\t\t\t\t\t\tVolver a la p\u00e1gina de la Asamblea General\t\t\t\t\t\t<\/span>\n\t\t\t\t\t<\/a>\t\t\t\t\t\t\t\t\t<\/div>\n\t\t\t\t\t\t\t<\/li>\n\t\t\t\t\t\t<\/ul>\n\t\t\t<\/div>\n\t\t<\/nav>\n\t\t\t\t\t\t<\/div>\n\t\t\t\t<\/div>\n\t\t\t\t<div class=\"elementor-element elementor-element-47a5548 elementor-hidden-tablet elementor-hidden-mobile elementor-widget elementor-widget-heading\" data-id=\"47a5548\" data-element_type=\"widget\" data-e-type=\"widget\" data-widget_type=\"heading.default\">\n\t\t\t\t<div class=\"elementor-widget-container\">\n\t\t\t\t\t<span class=\"elementor-heading-title elementor-size-default\">Asamblea General y Convenciones<\/span>\t\t\t\t<\/div>\n\t\t\t\t<\/div>\n\t\t\t\t<\/div>\n\t\t<div class=\"elementor-element elementor-element-27ee7ca e-flex e-con-boxed e-con e-parent\" data-id=\"27ee7ca\" data-element_type=\"container\" data-e-type=\"container\" data-settings=\"{&quot;background_background&quot;:&quot;classic&quot;,&quot;jet_parallax_layout_list&quot;:[]}\">\n\t\t\t\t\t<div class=\"e-con-inner\">\n\t\t\t\t<div class=\"elementor-element elementor-element-fd7386f elementor-widget__width-initial elementor-widget elementor-widget-image\" data-id=\"fd7386f\" data-element_type=\"widget\" data-e-type=\"widget\" data-widget_type=\"image.default\">\n\t\t\t\t<div class=\"elementor-widget-container\">\n\t\t\t\t\t\t\t\t\t\t\t\t\t\t\t<img fetchpriority=\"high\" decoding=\"async\" width=\"800\" height=\"800\" src=\"https:\/\/nazarene.org\/wp-content\/uploads\/2026\/04\/ES_ga-27-nyi-circle-logo-black-full-color_With-NYI_v1-1024x1024.png\" class=\"attachment-large size-large wp-image-72991\" alt=\"\" srcset=\"https:\/\/nazarene.org\/wp-content\/uploads\/2026\/04\/ES_ga-27-nyi-circle-logo-black-full-color_With-NYI_v1-1024x1024.png 1024w, https:\/\/nazarene.org\/wp-content\/uploads\/2026\/04\/ES_ga-27-nyi-circle-logo-black-full-color_With-NYI_v1-300x300.png 300w, https:\/\/nazarene.org\/wp-content\/uploads\/2026\/04\/ES_ga-27-nyi-circle-logo-black-full-color_With-NYI_v1-150x150.png 150w, https:\/\/nazarene.org\/wp-content\/uploads\/2026\/04\/ES_ga-27-nyi-circle-logo-black-full-color_With-NYI_v1-768x768.png 768w, https:\/\/nazarene.org\/wp-content\/uploads\/2026\/04\/ES_ga-27-nyi-circle-logo-black-full-color_With-NYI_v1-1536x1536.png 1536w, https:\/\/nazarene.org\/wp-content\/uploads\/2026\/04\/ES_ga-27-nyi-circle-logo-black-full-color_With-NYI_v1-2048x2048.png 2048w\" sizes=\"(max-width: 800px) 100vw, 800px\" \/>\t\t\t\t\t\t\t\t\t\t\t\t\t\t\t<\/div>\n\t\t\t\t<\/div>\n\t\t\t\t\t<\/div>\n\t\t\t\t<\/div>\n\t\t<div class=\"elementor-element elementor-element-573b052 e-flex e-con-boxed e-con e-parent\" data-id=\"573b052\" data-element_type=\"container\" data-e-type=\"container\" data-settings=\"{&quot;background_background&quot;:&quot;classic&quot;,&quot;jet_parallax_layout_list&quot;:[]}\">\n\t\t\t\t\t<div class=\"e-con-inner\">\n\t\t<div class=\"elementor-element elementor-element-85bbb23 e-con-full e-flex e-con e-child\" data-id=\"85bbb23\" data-element_type=\"container\" data-e-type=\"container\" data-settings=\"{&quot;jet_parallax_layout_list&quot;:[],&quot;background_background&quot;:&quot;classic&quot;}\">\n\t\t\t\t<div class=\"elementor-element elementor-element-a31f3d2 elementor-widget elementor-widget-heading\" data-id=\"a31f3d2\" data-element_type=\"widget\" data-e-type=\"widget\" data-widget_type=\"heading.default\">\n\t\t\t\t<div class=\"elementor-widget-container\">\n\t\t\t\t\t<div class=\"elementor-heading-title elementor-size-default\">Delegados y l\u00edderes de JNI de todo el mundo se re\u00fanen para recibir inspiraci\u00f3n, conexi\u00f3n y compa\u00f1erismo, y para capacitarse y tomar decisiones de manera colaborativa. Acomp\u00e1\u00f1enos en 2027 mientras celebramos a la Juventud Nazarena Internacional En el Nombre de Jes\u00fas, discernimos en oraci\u00f3n y damos forma a la visi\u00f3n de la JNI Global. <\/div>\t\t\t\t<\/div>\n\t\t\t\t<\/div>\n\t\t\t\t<\/div>\n\t\t<div class=\"elementor-element elementor-element-63c2d88 e-con-full e-flex e-con e-child\" data-id=\"63c2d88\" data-element_type=\"container\" data-e-type=\"container\" data-settings=\"{&quot;jet_parallax_layout_list&quot;:[],&quot;background_background&quot;:&quot;classic&quot;}\">\n\t\t<div class=\"elementor-element elementor-element-237c36c e-con-full e-flex e-con e-child\" data-id=\"237c36c\" data-element_type=\"container\" data-e-type=\"container\" data-settings=\"{&quot;jet_parallax_layout_list&quot;:[]}\">\n\t\t\t\t<div class=\"elementor-element elementor-element-cd48e9e elementor-widget elementor-widget-heading\" data-id=\"cd48e9e\" data-element_type=\"widget\" data-e-type=\"widget\" data-widget_type=\"heading.default\">\n\t\t\t\t<div class=\"elementor-widget-container\">\n\t\t\t\t\t<div class=\"elementor-heading-title elementor-size-default\">25\u201328 de junio de 2027<\/div>\t\t\t\t<\/div>\n\t\t\t\t<\/div>\n\t\t\t\t<div class=\"elementor-element elementor-element-d9e212e elementor-widget__width-initial elementor-widget elementor-widget-heading\" data-id=\"d9e212e\" data-element_type=\"widget\" data-e-type=\"widget\" data-widget_type=\"heading.default\">\n\t\t\t\t<div class=\"elementor-widget-container\">\n\t\t\t\t\t<div class=\"elementor-heading-title elementor-size-default\">26.\u00aa Convenci\u00f3n Global de la JNI (H\u00edbrida)<\/div>\t\t\t\t<\/div>\n\t\t\t\t<\/div>\n\t\t\t\t<div class=\"elementor-element elementor-element-5d81cb5 elementor-widget__width-initial elementor-widget elementor-widget-heading\" data-id=\"5d81cb5\" data-element_type=\"widget\" data-e-type=\"widget\" data-widget_type=\"heading.default\">\n\t\t\t\t<div class=\"elementor-widget-container\">\n\t\t\t\t\t<div class=\"elementor-heading-title elementor-size-default\">Grand Ballroom del Centro de Convenciones de Kansas City <\/div>\t\t\t\t<\/div>\n\t\t\t\t<\/div>\n\t\t\t\t<div class=\"elementor-element elementor-element-dff3c1f elementor-widget__width-initial elementor-widget elementor-widget-heading\" data-id=\"dff3c1f\" data-element_type=\"widget\" data-e-type=\"widget\" data-widget_type=\"heading.default\">\n\t\t\t\t<div class=\"elementor-widget-container\">\n\t\t\t\t\t<div class=\"elementor-heading-title elementor-size-default\">*DNI, MNI y JNI compartir\u00e1n el espacio de reuni\u00f3n.<\/div>\t\t\t\t<\/div>\n\t\t\t\t<\/div>\n\t\t\t\t<\/div>\n\t\t\t\t<div class=\"elementor-element elementor-element-58bf416 elementor-widget-divider--view-line elementor-widget elementor-widget-divider\" data-id=\"58bf416\" data-element_type=\"widget\" data-e-type=\"widget\" data-widget_type=\"divider.default\">\n\t\t\t\t<div class=\"elementor-widget-container\">\n\t\t\t\t\t\t\t<div class=\"elementor-divider\">\n\t\t\t<span class=\"elementor-divider-separator\">\n\t\t\t\t\t\t<\/span>\n\t\t<\/div>\n\t\t\t\t\t\t<\/div>\n\t\t\t\t<\/div>\n\t\t\t\t<div class=\"elementor-element elementor-element-e92c0d9 elementor-widget elementor-widget-heading\" data-id=\"e92c0d9\" data-element_type=\"widget\" data-e-type=\"widget\" data-widget_type=\"heading.default\">\n\t\t\t\t<div class=\"elementor-widget-container\">\n\t\t\t\t\t<h6 class=\"elementor-heading-title elementor-size-default\">Fechas importantes para recordar <\/h6>\t\t\t\t<\/div>\n\t\t\t\t<\/div>\n\t\t\t\t<\/div>\n\t\t<div class=\"elementor-element elementor-element-ef5f40c e-flex e-con-boxed e-con e-child\" data-id=\"ef5f40c\" data-element_type=\"container\" data-e-type=\"container\" data-settings=\"{&quot;jet_parallax_layout_list&quot;:[],&quot;background_background&quot;:&quot;classic&quot;}\">\n\t\t\t\t\t<div class=\"e-con-inner\">\n\t\t<div class=\"elementor-element elementor-element-fa1b43d e-con-full e-flex e-con e-child\" data-id=\"fa1b43d\" data-element_type=\"container\" data-e-type=\"container\" data-settings=\"{&quot;background_background&quot;:&quot;classic&quot;,&quot;jet_parallax_layout_list&quot;:[]}\">\n\t\t\t\t<div class=\"elementor-element elementor-element-86f088e elementor-widget elementor-widget-heading\" data-id=\"86f088e\" data-element_type=\"widget\" data-e-type=\"widget\" data-widget_type=\"heading.default\">\n\t\t\t\t<div class=\"elementor-widget-container\">\n\t\t\t\t\t<div class=\"elementor-heading-title elementor-size-default\">Encuentro de oraci\u00f3n y orientaci\u00f3n para delegados de la JNI <\/div>\t\t\t\t<\/div>\n\t\t\t\t<\/div>\n\t\t\t\t<div class=\"elementor-element elementor-element-da55d35 elementor-widget elementor-widget-heading\" data-id=\"da55d35\" data-element_type=\"widget\" data-e-type=\"widget\" data-widget_type=\"heading.default\">\n\t\t\t\t<div class=\"elementor-widget-container\">\n\t\t\t\t\t<div class=\"elementor-heading-title elementor-size-default\">1 de mayo de 2027, a las 6:00 p. m. CST (En l\u00ednea)<\/div>\t\t\t\t<\/div>\n\t\t\t\t<\/div>\n\t\t\t\t<\/div>\n\t\t<div class=\"elementor-element elementor-element-fe3ad95 e-con-full e-flex e-con e-child\" data-id=\"fe3ad95\" data-element_type=\"container\" data-e-type=\"container\" data-settings=\"{&quot;background_background&quot;:&quot;classic&quot;,&quot;jet_parallax_layout_list&quot;:[]}\">\n\t\t\t\t<div class=\"elementor-element elementor-element-c0bb42d elementor-widget elementor-widget-heading\" data-id=\"c0bb42d\" data-element_type=\"widget\" data-e-type=\"widget\" data-widget_type=\"heading.default\">\n\t\t\t\t<div class=\"elementor-widget-container\">\n\t\t\t\t\t<div class=\"elementor-heading-title elementor-size-default\">Caucus previo de la JNI<\/div>\t\t\t\t<\/div>\n\t\t\t\t<\/div>\n\t\t\t\t<div class=\"elementor-element elementor-element-d2380dd elementor-widget elementor-widget-heading\" data-id=\"d2380dd\" data-element_type=\"widget\" data-e-type=\"widget\" data-widget_type=\"heading.default\">\n\t\t\t\t<div class=\"elementor-widget-container\">\n\t\t\t\t\t<div class=\"elementor-heading-title elementor-size-default\">18 de junio de 2027, a las 6:00 p. m. CST (En l\u00ednea)<\/div>\t\t\t\t<\/div>\n\t\t\t\t<\/div>\n\t\t\t\t<\/div>\n\t\t<div class=\"elementor-element elementor-element-d166538 e-con-full e-flex e-con e-child\" data-id=\"d166538\" data-element_type=\"container\" data-e-type=\"container\" data-settings=\"{&quot;background_background&quot;:&quot;classic&quot;,&quot;jet_parallax_layout_list&quot;:[]}\">\n\t\t\t\t<div class=\"elementor-element elementor-element-dd19963 elementor-widget elementor-widget-heading\" data-id=\"dd19963\" data-element_type=\"widget\" data-e-type=\"widget\" data-widget_type=\"heading.default\">\n\t\t\t\t<div class=\"elementor-widget-container\">\n\t\t\t\t\t<div class=\"elementor-heading-title elementor-size-default\">Caucus Regionales de la JNI<\/div>\t\t\t\t<\/div>\n\t\t\t\t<\/div>\n\t\t\t\t<div class=\"elementor-element elementor-element-86c5878 elementor-widget elementor-widget-heading\" data-id=\"86c5878\" data-element_type=\"widget\" data-e-type=\"widget\" data-widget_type=\"heading.default\">\n\t\t\t\t<div class=\"elementor-widget-container\">\n\t\t\t\t\t<div class=\"elementor-heading-title elementor-size-default\">19 de junio de 2027 (En l\u00ednea)<\/div>\t\t\t\t<\/div>\n\t\t\t\t<\/div>\n\t\t\t\t<div class=\"elementor-element elementor-element-f3c0414 elementor-widget-divider--view-line elementor-widget elementor-widget-divider\" data-id=\"f3c0414\" data-element_type=\"widget\" data-e-type=\"widget\" data-widget_type=\"divider.default\">\n\t\t\t\t<div class=\"elementor-widget-container\">\n\t\t\t\t\t\t\t<div class=\"elementor-divider\">\n\t\t\t<span class=\"elementor-divider-separator\">\n\t\t\t\t\t\t<\/span>\n\t\t<\/div>\n\t\t\t\t\t\t<\/div>\n\t\t\t\t<\/div>\n\t\t\t\t<div class=\"jet-tooltip-widget elementor-element elementor-element-7d34902 elementor-widget elementor-widget-heading\" role=\"tooltip\" data-jet-tricks-settings=\"{&quot;tooltip&quot;:&quot;true&quot;,&quot;tooltipDescription&quot;:&quot;&lt;p&gt;\\u00c1frica \\u2014 6:00 p. m. (hora de \\u00c1frica Oriental)&lt;br&gt;Asia-Pac\\u00edfico \\u2014 9:00 a. m. (hora de Manila)&lt;br&gt;Eurasia \\u2014 1:00 p. m. (hora de Londres)&lt;br&gt;Mesoam\\u00e9rica \\u2014 10:00 a. m. (hora de Panam\\u00e1)&lt;br&gt;Am\\u00e9rica del Sur \\u2014 10:00 a. m. (hora de Buenos Aires)&lt;br&gt;EUA\\\/Canad\\u00e1 \\u2014 12:00 p. m. (CST)&lt;\\\/p&gt;&quot;,&quot;tooltipPlacement&quot;:&quot;bottom&quot;,&quot;tooltipArrow&quot;:true,&quot;xOffset&quot;:0,&quot;yOffset&quot;:8,&quot;tooltipAnimation&quot;:&quot;fade&quot;,&quot;tooltipTrigger&quot;:&quot;click&quot;,&quot;zIndex&quot;:999,&quot;appendTo&quot;:&quot;widget&quot;,&quot;customSelector&quot;:&quot;&quot;,&quot;delay&quot;:{&quot;unit&quot;:&quot;px&quot;,&quot;size&quot;:0,&quot;sizes&quot;:[]},&quot;followCursor&quot;:&quot;false&quot;}\" data-id=\"7d34902\" data-element_type=\"widget\" data-e-type=\"widget\" data-widget_type=\"heading.default\">\n\t\t\t\t<div class=\"elementor-widget-container\">\n\t\t\t\t\t<div id=\"jet-tricks-tooltip-content-7d34902\" class=\"jet-tooltip-widget__content\"><p>\u00c1frica \u2014 6:00 p. m. (hora de \u00c1frica Oriental)<br>Asia-Pac\u00edfico \u2014 9:00 a. m. (hora de Manila)<br>Eurasia \u2014 1:00 p. m. (hora de Londres)<br>Mesoam\u00e9rica \u2014 10:00 a. m. (hora de Panam\u00e1)<br>Am\u00e9rica del Sur \u2014 10:00 a. m. (hora de Buenos Aires)<br>EUA\/Canad\u00e1 \u2014 12:00 p. m. (CST)<\/p><\/div><div class=\"elementor-heading-title elementor-size-default\">VER HORARIOS ESPEC\u00cdFICOS POR REGI\u00d3N<\/div>\t\t\t\t<\/div>\n\t\t\t\t<\/div>\n\t\t\t\t<\/div>\n\t\t<div class=\"elementor-element elementor-element-e0014b6 e-con-full e-flex e-con e-child\" data-id=\"e0014b6\" data-element_type=\"container\" data-e-type=\"container\" data-settings=\"{&quot;background_background&quot;:&quot;classic&quot;,&quot;jet_parallax_layout_list&quot;:[]}\">\n\t\t\t\t<div class=\"elementor-element elementor-element-cfc8a1a elementor-widget elementor-widget-heading\" data-id=\"cfc8a1a\" data-element_type=\"widget\" data-e-type=\"widget\" data-widget_type=\"heading.default\">\n\t\t\t\t<div class=\"elementor-widget-container\">\n\t\t\t\t\t<div class=\"elementor-heading-title elementor-size-default\">Celebraci\u00f3n de los Ministerios de la Iglesia Local<\/div>\t\t\t\t<\/div>\n\t\t\t\t<\/div>\n\t\t\t\t<div class=\"elementor-element elementor-element-2793725 elementor-widget elementor-widget-heading\" data-id=\"2793725\" data-element_type=\"widget\" data-e-type=\"widget\" data-widget_type=\"heading.default\">\n\t\t\t\t<div class=\"elementor-widget-container\">\n\t\t\t\t\t<div class=\"elementor-heading-title elementor-size-default\">25 de junio de 2027, a las 8:00 a. m. CST<\/div>\t\t\t\t<\/div>\n\t\t\t\t<\/div>\n\t\t\t\t<\/div>\n\t\t<div class=\"elementor-element elementor-element-f56a99a e-con-full e-flex e-con e-child\" data-id=\"f56a99a\" data-element_type=\"container\" data-e-type=\"container\" data-settings=\"{&quot;background_background&quot;:&quot;classic&quot;,&quot;jet_parallax_layout_list&quot;:[]}\">\n\t\t\t\t<div class=\"elementor-element elementor-element-906e69f elementor-widget elementor-widget-heading\" data-id=\"906e69f\" data-element_type=\"widget\" data-e-type=\"widget\" data-widget_type=\"heading.default\">\n\t\t\t\t<div class=\"elementor-widget-container\">\n\t\t\t\t\t<div class=\"elementor-heading-title elementor-size-default\">Celebraci\u00f3n de env\u00edo de los Ministerios de la Iglesia Local<\/div>\t\t\t\t<\/div>\n\t\t\t\t<\/div>\n\t\t\t\t<div class=\"elementor-element elementor-element-e929509 elementor-widget elementor-widget-heading\" data-id=\"e929509\" data-element_type=\"widget\" data-e-type=\"widget\" data-widget_type=\"heading.default\">\n\t\t\t\t<div class=\"elementor-widget-container\">\n\t\t\t\t\t<div class=\"elementor-heading-title elementor-size-default\">27 de junio de 2027, a las 4:00 p. m. CST<\/div>\t\t\t\t<\/div>\n\t\t\t\t<\/div>\n\t\t\t\t<\/div>\n\t\t<div class=\"elementor-element elementor-element-330786a e-con-full e-flex e-con e-child\" data-id=\"330786a\" data-element_type=\"container\" data-e-type=\"container\" data-settings=\"{&quot;background_background&quot;:&quot;classic&quot;,&quot;jet_parallax_layout_list&quot;:[]}\">\n\t\t\t\t<div class=\"elementor-element elementor-element-18e9030 elementor-widget elementor-widget-heading\" data-id=\"18e9030\" data-element_type=\"widget\" data-e-type=\"widget\" data-widget_type=\"heading.default\">\n\t\t\t\t<div class=\"elementor-widget-container\">\n\t\t\t\t\t<div class=\"elementor-heading-title elementor-size-default\">Informe Cuatrienal de los Superintendentes Generales<\/div>\t\t\t\t<\/div>\n\t\t\t\t<\/div>\n\t\t\t\t<div class=\"elementor-element elementor-element-5e90eee elementor-widget elementor-widget-heading\" data-id=\"5e90eee\" data-element_type=\"widget\" data-e-type=\"widget\" data-widget_type=\"heading.default\">\n\t\t\t\t<div class=\"elementor-widget-container\">\n\t\t\t\t\t<div class=\"elementor-heading-title elementor-size-default\">28 de junio, 8:00 a. m.<\/div>\t\t\t\t<\/div>\n\t\t\t\t<\/div>\n\t\t\t\t<\/div>\n\t\t\t\t\t<\/div>\n\t\t\t\t<\/div>\n\t\t\t\t\t<\/div>\n\t\t\t\t<\/div>\n\t\t<div class=\"elementor-element elementor-element-bed91b5 e-flex e-con-boxed e-con e-parent\" data-id=\"bed91b5\" data-element_type=\"container\" data-e-type=\"container\" data-settings=\"{&quot;background_background&quot;:&quot;classic&quot;,&quot;jet_parallax_layout_list&quot;:[]}\">\n\t\t\t\t\t<div class=\"e-con-inner\">\n\t\t<div class=\"elementor-element elementor-element-32c6cf5 e-con-full e-flex e-con e-child\" data-id=\"32c6cf5\" data-element_type=\"container\" data-e-type=\"container\" data-settings=\"{&quot;jet_parallax_layout_list&quot;:[]}\">\n\t\t<div class=\"elementor-element elementor-element-f63b3f0 e-con-full e-flex e-con e-child\" data-id=\"f63b3f0\" data-element_type=\"container\" data-e-type=\"container\" data-settings=\"{&quot;jet_parallax_layout_list&quot;:[],&quot;background_background&quot;:&quot;classic&quot;}\">\n\t\t\t\t<div class=\"elementor-element elementor-element-4efc9ce elementor-widget elementor-widget-heading\" data-id=\"4efc9ce\" data-element_type=\"widget\" data-e-type=\"widget\" data-widget_type=\"heading.default\">\n\t\t\t\t<div class=\"elementor-widget-container\">\n\t\t\t\t\t<h2 class=\"elementor-heading-title elementor-size-default\">Celebraci\u00f3n de los Ministerios de la Iglesia Local<\/h2>\t\t\t\t<\/div>\n\t\t\t\t<\/div>\n\t\t\t\t<div class=\"elementor-element elementor-element-faf4517 elementor-widget-divider--view-line elementor-widget elementor-widget-divider\" data-id=\"faf4517\" data-element_type=\"widget\" data-e-type=\"widget\" data-widget_type=\"divider.default\">\n\t\t\t\t<div class=\"elementor-widget-container\">\n\t\t\t\t\t\t\t<div class=\"elementor-divider\">\n\t\t\t<span class=\"elementor-divider-separator\">\n\t\t\t\t\t\t<\/span>\n\t\t<\/div>\n\t\t\t\t\t\t<\/div>\n\t\t\t\t<\/div>\n\t\t<div class=\"elementor-element elementor-element-bfb337e e-con-full e-flex e-con e-child\" data-id=\"bfb337e\" data-element_type=\"container\" data-e-type=\"container\" data-settings=\"{&quot;jet_parallax_layout_list&quot;:[]}\">\n\t\t\t\t<div class=\"elementor-element elementor-element-caa541f elementor-widget elementor-widget-heading\" data-id=\"caa541f\" data-element_type=\"widget\" data-e-type=\"widget\" data-widget_type=\"heading.default\">\n\t\t\t\t<div class=\"elementor-widget-container\">\n\t\t\t\t\t<h2 class=\"elementor-heading-title elementor-size-default\">25 de junio, 8:00 a. m.<br><\/h2>\t\t\t\t<\/div>\n\t\t\t\t<\/div>\n\t\t\t\t<div class=\"elementor-element elementor-element-3f55ae6 elementor-widget elementor-widget-heading\" data-id=\"3f55ae6\" data-element_type=\"widget\" data-e-type=\"widget\" data-widget_type=\"heading.default\">\n\t\t\t\t<div class=\"elementor-widget-container\">\n\t\t\t\t\t<h2 class=\"elementor-heading-title elementor-size-default\">The Grand Ballroom<\/h2>\t\t\t\t<\/div>\n\t\t\t\t<\/div>\n\t\t\t\t<\/div>\n\t\t\t\t<\/div>\n\t\t<div class=\"elementor-element elementor-element-a17be5a e-con-full e-flex e-con e-child\" data-id=\"a17be5a\" data-element_type=\"container\" data-e-type=\"container\" data-settings=\"{&quot;jet_parallax_layout_list&quot;:[]}\">\n\t\t\t\t<div class=\"elementor-element elementor-element-c46e9eb elementor-widget elementor-widget-text-editor\" data-id=\"c46e9eb\" data-element_type=\"widget\" data-e-type=\"widget\" data-widget_type=\"text-editor.default\">\n\t\t\t\t<div class=\"elementor-widget-container\">\n\t\t\t\t\t\t\t\t\t<p>Por primera vez en la historia de nuestra denominaci\u00f3n, los tres ministerios que conforman los Ministerios de la Iglesia Local\u2014Discipulado Nazareno Internacional (DNI), Misiones Nazarenas Internacionales (MNI) y Juventud Nazarena Internacional (JNI)\u2014se reunir\u00e1n para dar inicio a la Asamblea General. Este momento hist\u00f3rico resalta nuestra misi\u00f3n compartida y nuestro compromiso unido con la iglesia local, como el principal lugar donde disc\u00edpulos de todas las edades se forman y se env\u00edan. <\/p><p>Juntos nos uniremos en adoraci\u00f3n, buscando la presencia de Dios antes de dedicarnos a la labor que tenemos por delante, y celebraremos la iglesia local\u2014donde vidas son transformadas, comunidades son alcanzadas y la misi\u00f3n de Jes\u00fas se vive cada d\u00eda.<\/p><p>Esta celebraci\u00f3n es para toda la iglesia\u2014delegados, pastores, superintendentes, misioneros y amigos de todas las edades\u2014\u00a1cualquiera que tenga un coraz\u00f3n para la iglesia local! Venga y ay\u00fadenos a comenzar nuestra semana de convenciones y asambleas en unidad guiada por el Esp\u00edritu.  <\/p>\t\t\t\t\t\t\t\t<\/div>\n\t\t\t\t<\/div>\n\t\t\t\t<\/div>\n\t\t\t\t<\/div>\n\t\t\t\t\t<\/div>\n\t\t\t\t<\/div>\n\t\t\t\t<\/div>\n\t\t","protected":false},"excerpt":{"rendered":"<p>Asamblea General y Convenciones Volver a la p\u00e1gina de la Asamblea General Equipo Global Recursos de El Sendero S\u00e9 Hazlo Ve Recursos Serie para involucrar a los J\u00f3venes Asamblea General y Convenciones Delegados y l\u00edderes de JNI de todo el mundo se re\u00fanen para recibir inspiraci\u00f3n, conexi\u00f3n y compa\u00f1erismo, y para capacitarse y tomar decisiones [&hellip;]<\/p>\n","protected":false},"author":5,"featured_media":0,"parent":0,"menu_order":0,"comment_status":"closed","ping_status":"closed","template":"","meta":{"content-type":"","_jet_sm_ready_style":"","_jet_sm_style":"","_jet_sm_controls_values":"","_jet_sm_fonts_collection":"","_jet_sm_fonts_links":"","footnotes":""},"class_list":["post-72671","page","type-page","status-publish","hentry"],"yoast_head":"<!-- This site is optimized with the Yoast SEO Premium plugin v27.1 (Yoast SEO v27.1.1) - https:\/\/yoast.com\/product\/yoast-seo-premium-wordpress\/ -->\n<title>AG27 JNI - Church of the Nazarene<\/title>\n<meta name=\"robots\" content=\"index, follow, max-snippet:-1, max-image-preview:large, max-video-preview:-1\" \/>\n<link rel=\"canonical\" href=\"https:\/\/nazarene.org\/es\/ag27-jni\/\" \/>\n<meta property=\"og:locale\" content=\"es_ES\" \/>\n<meta property=\"og:type\" content=\"article\" \/>\n<meta property=\"og:title\" content=\"AG27 JNI\" \/>\n<meta property=\"og:description\" content=\"Asamblea General y Convenciones Volver a la p\u00e1gina de la Asamblea General Equipo Global Recursos de El Sendero S\u00e9 Hazlo Ve Recursos Serie para involucrar a los J\u00f3venes Asamblea General y Convenciones Delegados y l\u00edderes de JNI de todo el mundo se re\u00fanen para recibir inspiraci\u00f3n, conexi\u00f3n y compa\u00f1erismo, y para capacitarse y tomar decisiones [&hellip;]\" \/>\n<meta property=\"og:url\" content=\"https:\/\/nazarene.org\/es\/ag27-jni\/\" \/>\n<meta property=\"og:site_name\" content=\"Church of the Nazarene\" \/>\n<meta property=\"article:publisher\" content=\"https:\/\/www.facebook.com\/NazareneOfficial\/\" \/>\n<meta property=\"article:modified_time\" content=\"2026-04-30T20:01:50+00:00\" \/>\n<meta property=\"og:image\" content=\"https:\/\/nazarene.org\/wp-content\/uploads\/2026\/04\/ES_ga-27-nyi-circle-logo-black-full-color_With-NYI_v1-scaled.png\" \/>\n\t<meta property=\"og:image:width\" content=\"2560\" \/>\n\t<meta property=\"og:image:height\" content=\"2560\" \/>\n\t<meta property=\"og:image:type\" content=\"image\/png\" \/>\n<meta name=\"twitter:card\" content=\"summary_large_image\" \/>\n<meta name=\"twitter:site\" content=\"@Nazarene\" \/>\n<script type=\"application\/ld+json\" class=\"yoast-schema-graph\">{\"@context\":\"https:\/\/schema.org\",\"@graph\":[{\"@type\":\"WebPage\",\"@id\":\"https:\/\/nazarene.org\/es\/ag27-jni\/\",\"url\":\"https:\/\/nazarene.org\/es\/ag27-jni\/\",\"name\":\"AG27 JNI - Church of the Nazarene\",\"isPartOf\":{\"@id\":\"https:\/\/nazarene.org\/es\/#website\"},\"primaryImageOfPage\":{\"@id\":\"https:\/\/nazarene.org\/es\/ag27-jni\/#primaryimage\"},\"image\":{\"@id\":\"https:\/\/nazarene.org\/es\/ag27-jni\/#primaryimage\"},\"thumbnailUrl\":\"https:\/\/nazarene.org\/wp-content\/uploads\/2026\/04\/ES_ga-27-nyi-circle-logo-black-full-color_With-NYI_v1-1024x1024.png\",\"datePublished\":\"2026-04-01T14:47:32+00:00\",\"dateModified\":\"2026-04-30T20:01:50+00:00\",\"breadcrumb\":{\"@id\":\"https:\/\/nazarene.org\/es\/ag27-jni\/#breadcrumb\"},\"inLanguage\":\"es\",\"potentialAction\":[{\"@type\":\"ReadAction\",\"target\":[\"https:\/\/nazarene.org\/es\/ag27-jni\/\"]}]},{\"@type\":\"ImageObject\",\"inLanguage\":\"es\",\"@id\":\"https:\/\/nazarene.org\/es\/ag27-jni\/#primaryimage\",\"url\":\"https:\/\/nazarene.org\/wp-content\/uploads\/2026\/04\/ES_ga-27-nyi-circle-logo-black-full-color_With-NYI_v1-1024x1024.png\",\"contentUrl\":\"https:\/\/nazarene.org\/wp-content\/uploads\/2026\/04\/ES_ga-27-nyi-circle-logo-black-full-color_With-NYI_v1-1024x1024.png\"},{\"@type\":\"BreadcrumbList\",\"@id\":\"https:\/\/nazarene.org\/es\/ag27-jni\/#breadcrumb\",\"itemListElement\":[{\"@type\":\"ListItem\",\"position\":1,\"name\":\"Home\",\"item\":\"https:\/\/nazarene.org\/es\/inicio\/\"},{\"@type\":\"ListItem\",\"position\":2,\"name\":\"AG27 JNI\"}]},{\"@type\":\"WebSite\",\"@id\":\"https:\/\/nazarene.org\/es\/#website\",\"url\":\"https:\/\/nazarene.org\/es\/\",\"name\":\"Church of the Nazarene\",\"description\":\"Making Christlike Disciples in the Nations\",\"publisher\":{\"@id\":\"https:\/\/nazarene.org\/es\/#organization\"},\"potentialAction\":[{\"@type\":\"SearchAction\",\"target\":{\"@type\":\"EntryPoint\",\"urlTemplate\":\"https:\/\/nazarene.org\/es\/?s={search_term_string}\"},\"query-input\":{\"@type\":\"PropertyValueSpecification\",\"valueRequired\":true,\"valueName\":\"search_term_string\"}}],\"inLanguage\":\"es\"},{\"@type\":\"Organization\",\"@id\":\"https:\/\/nazarene.org\/es\/#organization\",\"name\":\"Church of the Nazarene\",\"url\":\"https:\/\/nazarene.org\/es\/\",\"logo\":{\"@type\":\"ImageObject\",\"inLanguage\":\"es\",\"@id\":\"https:\/\/nazarene.org\/es\/#\/schema\/logo\/image\/\",\"url\":\"https:\/\/nazarene.org\/wp-content\/uploads\/2024\/06\/Naz_Desktop_Black_Logo-1.svg\",\"contentUrl\":\"https:\/\/nazarene.org\/wp-content\/uploads\/2024\/06\/Naz_Desktop_Black_Logo-1.svg\",\"width\":258,\"height\":36,\"caption\":\"Church of the Nazarene\"},\"image\":{\"@id\":\"https:\/\/nazarene.org\/es\/#\/schema\/logo\/image\/\"},\"sameAs\":[\"https:\/\/www.facebook.com\/NazareneOfficial\/\",\"https:\/\/x.com\/Nazarene\",\"https:\/\/www.instagram.com\/nazareneofficial\/\"]}]}<\/script>\n<!-- \/ Yoast SEO Premium plugin. -->","yoast_head_json":{"title":"AG27 JNI - Church of the Nazarene","robots":{"index":"index","follow":"follow","max-snippet":"max-snippet:-1","max-image-preview":"max-image-preview:large","max-video-preview":"max-video-preview:-1"},"canonical":"https:\/\/nazarene.org\/es\/ag27-jni\/","og_locale":"es_ES","og_type":"article","og_title":"AG27 JNI","og_description":"Asamblea General y Convenciones Volver a la p\u00e1gina de la Asamblea General Equipo Global Recursos de El Sendero S\u00e9 Hazlo Ve Recursos Serie para involucrar a los J\u00f3venes Asamblea General y Convenciones Delegados y l\u00edderes de JNI de todo el mundo se re\u00fanen para recibir inspiraci\u00f3n, conexi\u00f3n y compa\u00f1erismo, y para capacitarse y tomar decisiones [&hellip;]","og_url":"https:\/\/nazarene.org\/es\/ag27-jni\/","og_site_name":"Church of the Nazarene","article_publisher":"https:\/\/www.facebook.com\/NazareneOfficial\/","article_modified_time":"2026-04-30T20:01:50+00:00","og_image":[{"width":2560,"height":2560,"url":"https:\/\/nazarene.org\/wp-content\/uploads\/2026\/04\/ES_ga-27-nyi-circle-logo-black-full-color_With-NYI_v1-scaled.png","type":"image\/png"}],"twitter_card":"summary_large_image","twitter_site":"@Nazarene","schema":{"@context":"https:\/\/schema.org","@graph":[{"@type":"WebPage","@id":"https:\/\/nazarene.org\/es\/ag27-jni\/","url":"https:\/\/nazarene.org\/es\/ag27-jni\/","name":"AG27 JNI - Church of the Nazarene","isPartOf":{"@id":"https:\/\/nazarene.org\/es\/#website"},"primaryImageOfPage":{"@id":"https:\/\/nazarene.org\/es\/ag27-jni\/#primaryimage"},"image":{"@id":"https:\/\/nazarene.org\/es\/ag27-jni\/#primaryimage"},"thumbnailUrl":"https:\/\/nazarene.org\/wp-content\/uploads\/2026\/04\/ES_ga-27-nyi-circle-logo-black-full-color_With-NYI_v1-1024x1024.png","datePublished":"2026-04-01T14:47:32+00:00","dateModified":"2026-04-30T20:01:50+00:00","breadcrumb":{"@id":"https:\/\/nazarene.org\/es\/ag27-jni\/#breadcrumb"},"inLanguage":"es","potentialAction":[{"@type":"ReadAction","target":["https:\/\/nazarene.org\/es\/ag27-jni\/"]}]},{"@type":"ImageObject","inLanguage":"es","@id":"https:\/\/nazarene.org\/es\/ag27-jni\/#primaryimage","url":"https:\/\/nazarene.org\/wp-content\/uploads\/2026\/04\/ES_ga-27-nyi-circle-logo-black-full-color_With-NYI_v1-1024x1024.png","contentUrl":"https:\/\/nazarene.org\/wp-content\/uploads\/2026\/04\/ES_ga-27-nyi-circle-logo-black-full-color_With-NYI_v1-1024x1024.png"},{"@type":"BreadcrumbList","@id":"https:\/\/nazarene.org\/es\/ag27-jni\/#breadcrumb","itemListElement":[{"@type":"ListItem","position":1,"name":"Home","item":"https:\/\/nazarene.org\/es\/inicio\/"},{"@type":"ListItem","position":2,"name":"AG27 JNI"}]},{"@type":"WebSite","@id":"https:\/\/nazarene.org\/es\/#website","url":"https:\/\/nazarene.org\/es\/","name":"Church of the Nazarene","description":"Making Christlike Disciples in the Nations","publisher":{"@id":"https:\/\/nazarene.org\/es\/#organization"},"potentialAction":[{"@type":"SearchAction","target":{"@type":"EntryPoint","urlTemplate":"https:\/\/nazarene.org\/es\/?s={search_term_string}"},"query-input":{"@type":"PropertyValueSpecification","valueRequired":true,"valueName":"search_term_string"}}],"inLanguage":"es"},{"@type":"Organization","@id":"https:\/\/nazarene.org\/es\/#organization","name":"Church of the Nazarene","url":"https:\/\/nazarene.org\/es\/","logo":{"@type":"ImageObject","inLanguage":"es","@id":"https:\/\/nazarene.org\/es\/#\/schema\/logo\/image\/","url":"https:\/\/nazarene.org\/wp-content\/uploads\/2024\/06\/Naz_Desktop_Black_Logo-1.svg","contentUrl":"https:\/\/nazarene.org\/wp-content\/uploads\/2024\/06\/Naz_Desktop_Black_Logo-1.svg","width":258,"height":36,"caption":"Church of the Nazarene"},"image":{"@id":"https:\/\/nazarene.org\/es\/#\/schema\/logo\/image\/"},"sameAs":["https:\/\/www.facebook.com\/NazareneOfficial\/","https:\/\/x.com\/Nazarene","https:\/\/www.instagram.com\/nazareneofficial\/"]}]}},"_links":{"self":[{"href":"https:\/\/nazarene.org\/es\/wp-json\/wp\/v2\/pages\/72671","targetHints":{"allow":["GET"]}}],"collection":[{"href":"https:\/\/nazarene.org\/es\/wp-json\/wp\/v2\/pages"}],"about":[{"href":"https:\/\/nazarene.org\/es\/wp-json\/wp\/v2\/types\/page"}],"author":[{"embeddable":true,"href":"https:\/\/nazarene.org\/es\/wp-json\/wp\/v2\/users\/5"}],"replies":[{"embeddable":true,"href":"https:\/\/nazarene.org\/es\/wp-json\/wp\/v2\/comments?post=72671"}],"version-history":[{"count":15,"href":"https:\/\/nazarene.org\/es\/wp-json\/wp\/v2\/pages\/72671\/revisions"}],"predecessor-version":[{"id":73031,"href":"https:\/\/nazarene.org\/es\/wp-json\/wp\/v2\/pages\/72671\/revisions\/73031"}],"wp:attachment":[{"href":"https:\/\/nazarene.org\/es\/wp-json\/wp\/v2\/media?parent=72671"}],"curies":[{"name":"wp","href":"https:\/\/api.w.org\/{rel}","templated":true}]}}