{"id":41858,"date":"2024-06-26T16:19:35","date_gmt":"2024-06-26T21:19:35","guid":{"rendered":"https:\/\/nazarene.org\/ndi-journey\/escuela-biblica-de-vacaciones\/"},"modified":"2026-04-07T16:35:25","modified_gmt":"2026-04-07T21:35:25","slug":"escuela-biblica-de-vacaciones","status":"publish","type":"ndi-journey","link":"https:\/\/nazarene.org\/es\/ndi-journey\/escuela-biblica-de-vacaciones\/","title":{"rendered":"Escuela B\u00edblica Vacaional"},"content":{"rendered":"<p><span style=\"font-size:14px;\"><span style=\"font-family:'Open Sans','Arial',sans-serif;\">Re\u00fane a tus amigos, ponte el chaleco salvavidas y vamos a vivir una \u00abAventura de Canotaje por el r\u00edo\u00bb. La <a href=\"https:\/\/nazarene.org\/who-we-are\/organization\/ministries\/ndi\/vbs-2024\" style=\"color:#467886; text-decoration:underline\">Escuela B\u00edblica Vacacional<\/a> de este a\u00f1o sin duda atraer\u00e1 a alumnos de todas las edades mientras siguen a Sammy y Bobby r\u00edo abajo. Basado en el libro de los Hechos y haciendo hincapi\u00e9 en la gracia preveniente, la gracia salvadora y la gracia santificadora, este plan de estudios de la Escuela B\u00edblica Vacacional guiar\u00e1 a tus alumnos hacia Jes\u00fas. Las manualidades, los refrigerios, las historias y los juegos ayudan tanto a los alumnos como a los voluntarios a sembrar las semillas de las buenas nuevas por dondequiera que vayamos.   <\/span><\/span><\/p>\n<p>&nbsp;<\/p>\n<p><span style=\"font-size:14px;\"><span style=\"font-family:'Open Sans','Arial',sans-serif;\"><b>\u00bfPor qu\u00e9 EBV?<\/b><\/span><\/span><\/p>\n<p>&nbsp;<\/p>\n<p><span style=\"font-size:14px;\"><span style=\"font-family:'Open Sans','Arial',sans-serif;\">La EBV es una de las mejores herramientas de evangelizaci\u00f3n infantil.<\/span><\/span><\/p>\n<p><span style=\"font-size:14px;\"><span style=\"font-family:'Open Sans','Arial',sans-serif;\">La EBV es una herramienta de alcance.<\/span><\/span><\/p>\n<p><span style=\"font-size:14px;\"><span style=\"font-family:'Open Sans','Arial',sans-serif;\">La EBV llega a hogares a los que, de otro modo, ser\u00eda imposible llegar.<\/span><\/span><\/p>\n<p><span style=\"font-size:14px;\"><span style=\"font-family:'Open Sans','Arial',sans-serif;\">La EBV se extiende a nuestras comunidades.<\/span><\/span><\/p>\n<p><span style=\"font-size:14px;\"><span style=\"font-family:'Open Sans','Arial',sans-serif;\">La EBV forma a nuestros ni\u00f1os.<\/span><\/span><\/p>\n<p><span style=\"font-size:14px;\"><span style=\"font-family:'Open Sans','Arial',sans-serif;\">La EBV tiende a unificar nuestras iglesias.<\/span><\/span><\/p>\n<p><span style=\"font-size:14px;\"><span style=\"font-family:'Open Sans','Arial',sans-serif;\">La EBV complementa otros ministerios de la iglesia.<\/span><\/span><\/p>\n<p><span style=\"font-size:14px;\"><span style=\"font-family:'Open Sans','Arial',sans-serif;\">La EBV puede ser una herramienta para formar a m\u00e1s personas que se encarguen de la formaci\u00f3n de los ni\u00f1os.<\/span><\/span><\/p>\n<p><span style=\"font-size:14px;\"><span style=\"font-family:'Open Sans','Arial',sans-serif;\">La EBV marca una GRAN diferencia en nuestras iglesias.<\/span><\/span><\/p>\n<p>&nbsp;<\/p>\n<p><span style=\"font-size:14px;\"><span style=\"font-family:'Open Sans','Arial',sans-serif;\"><b>\u00bfC\u00f3mo puede funcionar la EBV?<\/b><\/span><\/span><\/p>\n<p>&nbsp;<\/p>\n<p><span style=\"font-size:14px;\"><span style=\"font-family:'Open Sans','Arial',sans-serif;\">La Escuela B\u00edblica Vacacional puede abordarse de muchas maneras diferentes: <\/span><\/span><\/p>\n<ul>\n<li><span style=\"font-size:14px;\"><span style=\"font-family:'Open Sans','Arial',sans-serif;\">EBV presencial: Se celebra en el edificio de la iglesia y culmina con un servicio religioso el fin de semana. <\/span><\/span><\/li>\n<li><span style=\"font-size:14px;\"><span style=\"font-family:'Open Sans','Arial',sans-serif;\">EBV en la comunidad: Se celebran en un lugar c\u00e9ntrico dentro de la zona de ministerio objetivo. Puede ser en un centro comunitario, un parque infantil o una plaza, o en un local alquilado durante la semana cerca del barrio al que tu iglesia se dirige estrat\u00e9gicamente. La actividad puede culminar con un servicio religioso el fin de semana.  <\/span><\/span><\/li>\n<li><span style=\"font-size:14px;\"><span style=\"font-family:'Open Sans','Arial',sans-serif;\">Clubes B\u00edblicos en el patio trasero: Se celebran en los hogares de los miembros de la iglesia y culminan con un servicio religioso o un evento el fin de semana. <\/span><\/span><\/li>\n<li><span style=\"font-size:14px;\"><span style=\"font-family:'Open Sans','Arial',sans-serif;\">Programas de discipulado entre semana: Se celebran en la iglesia o dondequiera que se re\u00fanan tus grupos peque\u00f1os. Este plan de estudios se puede dividir f\u00e1cilmente para abarcar varias semanas o incluso meses de ministerio de discipulado. <\/span><\/span><\/li>\n<\/ul>\n<p>&nbsp;<\/p>\n<p><span style=\"font-size:14px;\"><span style=\"font-family:'Open Sans','Arial',sans-serif;\"><b>\u00bfCrees que es demasiado tarde para la EBV este a\u00f1o?<\/b><\/span><\/span><\/p>\n<p>&nbsp;<\/p>\n<p><span style=\"font-size:14px;\"><span style=\"font-family:'Open Sans','Arial',sans-serif;\">Si es as\u00ed, permanece atento a m\u00e1s detalles sobre la pr\u00f3xima EBV, cuyo tema ser\u00e1 \u00abAerol\u00ednea Luz Estelar\u00bb.&nbsp; \u00a1Acomp\u00e1\u00f1anos en este viaje al pasado para cambiar nuestro futuro! Los ni\u00f1os se lo pasar\u00e1n en grande cuando una azafata, nerviosa pero entusiasta, les d\u00e9 la bienvenida a bordo de la Aerol\u00ednea Luz Estelar, donde el capit\u00e1n Gen, un cient\u00edfico loco e inventor, pilotea su avi\u00f3n capaz de viajar en el tiempo para vivir una aventura tras otra.<\/span><\/span><\/p>\n<p>&nbsp;<\/p>\n<p><span style=\"font-size:14px;\"><span style=\"font-family:'Open Sans','Arial',sans-serif;\">Para m\u00e1s informaci\u00f3n, visita nazarene.org\/vbs o env\u00eda un correo electr\u00f3nico a <a href=\"mailto:dstanton@nazarene.org\" style=\"color:#467886; text-decoration:underline\">dstanton@nazarene.org<\/a><\/span><\/span><\/p>\n","protected":false},"featured_media":22590,"menu_order":0,"template":"","ndi-journey-tags":[1067],"class_list":["post-41858","ndi-journey","type-ndi-journey","status-publish","has-post-thumbnail","hentry","ndi-journey-tags-escuela-biblica-de-vacaciones"],"yoast_head":"<!-- This site is optimized with the Yoast SEO Premium plugin v27.1 (Yoast SEO v27.1.1) - https:\/\/yoast.com\/product\/yoast-seo-premium-wordpress\/ -->\n<title>Escuela B\u00edblica Vacaional - Church of the Nazarene<\/title>\n<meta name=\"robots\" content=\"index, follow, max-snippet:-1, max-image-preview:large, max-video-preview:-1\" \/>\n<link rel=\"canonical\" href=\"https:\/\/nazarene.org\/es\/ndi-journey\/escuela-biblica-de-vacaciones\/\" \/>\n<meta property=\"og:locale\" content=\"es_ES\" \/>\n<meta property=\"og:type\" content=\"article\" \/>\n<meta property=\"og:title\" content=\"Escuela B\u00edblica Vacaional\" \/>\n<meta property=\"og:description\" content=\"Re\u00fane a tus amigos, ponte el chaleco salvavidas y vamos a vivir una \u00abAventura de Canotaje por el r\u00edo\u00bb. La Escuela B\u00edblica Vacacional de este a\u00f1o sin duda atraer\u00e1 a alumnos de todas las edades mientras siguen a Sammy y Bobby r\u00edo abajo. Basado en el libro de los Hechos y haciendo hincapi\u00e9 en la [&hellip;]\" \/>\n<meta property=\"og:url\" content=\"https:\/\/nazarene.org\/es\/ndi-journey\/escuela-biblica-de-vacaciones\/\" \/>\n<meta property=\"og:site_name\" content=\"Church of the Nazarene\" \/>\n<meta property=\"article:publisher\" content=\"https:\/\/www.facebook.com\/NazareneOfficial\/\" \/>\n<meta property=\"article:modified_time\" content=\"2026-04-07T21:35:25+00:00\" \/>\n<meta property=\"og:image\" content=\"https:\/\/nazarene.org\/wp-content\/uploads\/2024\/11\/General-Ad_Portrait_Design-1-819x1024.jpg\" \/>\n\t<meta property=\"og:image:width\" content=\"819\" \/>\n\t<meta property=\"og:image:height\" content=\"1024\" \/>\n\t<meta property=\"og:image:type\" content=\"image\/jpeg\" \/>\n<meta name=\"twitter:card\" content=\"summary_large_image\" \/>\n<meta name=\"twitter:site\" content=\"@Nazarene\" \/>\n<script type=\"application\/ld+json\" class=\"yoast-schema-graph\">{\"@context\":\"https:\/\/schema.org\",\"@graph\":[{\"@type\":\"WebPage\",\"@id\":\"https:\/\/nazarene.org\/es\/ndi-journey\/escuela-biblica-de-vacaciones\/\",\"url\":\"https:\/\/nazarene.org\/es\/ndi-journey\/escuela-biblica-de-vacaciones\/\",\"name\":\"Escuela B\u00edblica Vacaional - Church of the Nazarene\",\"isPartOf\":{\"@id\":\"https:\/\/nazarene.org\/es\/#website\"},\"primaryImageOfPage\":{\"@id\":\"https:\/\/nazarene.org\/es\/ndi-journey\/escuela-biblica-de-vacaciones\/#primaryimage\"},\"image\":{\"@id\":\"https:\/\/nazarene.org\/es\/ndi-journey\/escuela-biblica-de-vacaciones\/#primaryimage\"},\"thumbnailUrl\":\"https:\/\/nazarene.org\/wp-content\/uploads\/2024\/11\/General-Ad_Portrait_Design-1.jpg\",\"datePublished\":\"2024-06-26T21:19:35+00:00\",\"dateModified\":\"2026-04-07T21:35:25+00:00\",\"breadcrumb\":{\"@id\":\"https:\/\/nazarene.org\/es\/ndi-journey\/escuela-biblica-de-vacaciones\/#breadcrumb\"},\"inLanguage\":\"es\",\"potentialAction\":[{\"@type\":\"ReadAction\",\"target\":[\"https:\/\/nazarene.org\/es\/ndi-journey\/escuela-biblica-de-vacaciones\/\"]}]},{\"@type\":\"ImageObject\",\"inLanguage\":\"es\",\"@id\":\"https:\/\/nazarene.org\/es\/ndi-journey\/escuela-biblica-de-vacaciones\/#primaryimage\",\"url\":\"https:\/\/nazarene.org\/wp-content\/uploads\/2024\/11\/General-Ad_Portrait_Design-1.jpg\",\"contentUrl\":\"https:\/\/nazarene.org\/wp-content\/uploads\/2024\/11\/General-Ad_Portrait_Design-1.jpg\",\"width\":6667,\"height\":8333},{\"@type\":\"BreadcrumbList\",\"@id\":\"https:\/\/nazarene.org\/es\/ndi-journey\/escuela-biblica-de-vacaciones\/#breadcrumb\",\"itemListElement\":[{\"@type\":\"ListItem\",\"position\":1,\"name\":\"Home\",\"item\":\"https:\/\/nazarene.org\/es\/inicio\/\"},{\"@type\":\"ListItem\",\"position\":2,\"name\":\"NDI Journey\",\"item\":\"https:\/\/nazarene.org\/es\/ndi-journey\/\"},{\"@type\":\"ListItem\",\"position\":3,\"name\":\"Escuela B\u00edblica Vacaional\"}]},{\"@type\":\"WebSite\",\"@id\":\"https:\/\/nazarene.org\/es\/#website\",\"url\":\"https:\/\/nazarene.org\/es\/\",\"name\":\"Church of the Nazarene\",\"description\":\"Making Christlike Disciples in the Nations\",\"publisher\":{\"@id\":\"https:\/\/nazarene.org\/es\/#organization\"},\"potentialAction\":[{\"@type\":\"SearchAction\",\"target\":{\"@type\":\"EntryPoint\",\"urlTemplate\":\"https:\/\/nazarene.org\/es\/?s={search_term_string}\"},\"query-input\":{\"@type\":\"PropertyValueSpecification\",\"valueRequired\":true,\"valueName\":\"search_term_string\"}}],\"inLanguage\":\"es\"},{\"@type\":\"Organization\",\"@id\":\"https:\/\/nazarene.org\/es\/#organization\",\"name\":\"Church of the Nazarene\",\"url\":\"https:\/\/nazarene.org\/es\/\",\"logo\":{\"@type\":\"ImageObject\",\"inLanguage\":\"es\",\"@id\":\"https:\/\/nazarene.org\/es\/#\/schema\/logo\/image\/\",\"url\":\"https:\/\/nazarene.org\/wp-content\/uploads\/2024\/06\/Naz_Desktop_Black_Logo-1.svg\",\"contentUrl\":\"https:\/\/nazarene.org\/wp-content\/uploads\/2024\/06\/Naz_Desktop_Black_Logo-1.svg\",\"width\":258,\"height\":36,\"caption\":\"Church of the Nazarene\"},\"image\":{\"@id\":\"https:\/\/nazarene.org\/es\/#\/schema\/logo\/image\/\"},\"sameAs\":[\"https:\/\/www.facebook.com\/NazareneOfficial\/\",\"https:\/\/x.com\/Nazarene\",\"https:\/\/www.instagram.com\/nazareneofficial\/\"]}]}<\/script>\n<!-- \/ Yoast SEO Premium plugin. -->","yoast_head_json":{"title":"Escuela B\u00edblica Vacaional - Church of the Nazarene","robots":{"index":"index","follow":"follow","max-snippet":"max-snippet:-1","max-image-preview":"max-image-preview:large","max-video-preview":"max-video-preview:-1"},"canonical":"https:\/\/nazarene.org\/es\/ndi-journey\/escuela-biblica-de-vacaciones\/","og_locale":"es_ES","og_type":"article","og_title":"Escuela B\u00edblica Vacaional","og_description":"Re\u00fane a tus amigos, ponte el chaleco salvavidas y vamos a vivir una \u00abAventura de Canotaje por el r\u00edo\u00bb. La Escuela B\u00edblica Vacacional de este a\u00f1o sin duda atraer\u00e1 a alumnos de todas las edades mientras siguen a Sammy y Bobby r\u00edo abajo. Basado en el libro de los Hechos y haciendo hincapi\u00e9 en la [&hellip;]","og_url":"https:\/\/nazarene.org\/es\/ndi-journey\/escuela-biblica-de-vacaciones\/","og_site_name":"Church of the Nazarene","article_publisher":"https:\/\/www.facebook.com\/NazareneOfficial\/","article_modified_time":"2026-04-07T21:35:25+00:00","og_image":[{"width":819,"height":1024,"url":"https:\/\/nazarene.org\/wp-content\/uploads\/2024\/11\/General-Ad_Portrait_Design-1-819x1024.jpg","type":"image\/jpeg"}],"twitter_card":"summary_large_image","twitter_site":"@Nazarene","schema":{"@context":"https:\/\/schema.org","@graph":[{"@type":"WebPage","@id":"https:\/\/nazarene.org\/es\/ndi-journey\/escuela-biblica-de-vacaciones\/","url":"https:\/\/nazarene.org\/es\/ndi-journey\/escuela-biblica-de-vacaciones\/","name":"Escuela B\u00edblica Vacaional - Church of the Nazarene","isPartOf":{"@id":"https:\/\/nazarene.org\/es\/#website"},"primaryImageOfPage":{"@id":"https:\/\/nazarene.org\/es\/ndi-journey\/escuela-biblica-de-vacaciones\/#primaryimage"},"image":{"@id":"https:\/\/nazarene.org\/es\/ndi-journey\/escuela-biblica-de-vacaciones\/#primaryimage"},"thumbnailUrl":"https:\/\/nazarene.org\/wp-content\/uploads\/2024\/11\/General-Ad_Portrait_Design-1.jpg","datePublished":"2024-06-26T21:19:35+00:00","dateModified":"2026-04-07T21:35:25+00:00","breadcrumb":{"@id":"https:\/\/nazarene.org\/es\/ndi-journey\/escuela-biblica-de-vacaciones\/#breadcrumb"},"inLanguage":"es","potentialAction":[{"@type":"ReadAction","target":["https:\/\/nazarene.org\/es\/ndi-journey\/escuela-biblica-de-vacaciones\/"]}]},{"@type":"ImageObject","inLanguage":"es","@id":"https:\/\/nazarene.org\/es\/ndi-journey\/escuela-biblica-de-vacaciones\/#primaryimage","url":"https:\/\/nazarene.org\/wp-content\/uploads\/2024\/11\/General-Ad_Portrait_Design-1.jpg","contentUrl":"https:\/\/nazarene.org\/wp-content\/uploads\/2024\/11\/General-Ad_Portrait_Design-1.jpg","width":6667,"height":8333},{"@type":"BreadcrumbList","@id":"https:\/\/nazarene.org\/es\/ndi-journey\/escuela-biblica-de-vacaciones\/#breadcrumb","itemListElement":[{"@type":"ListItem","position":1,"name":"Home","item":"https:\/\/nazarene.org\/es\/inicio\/"},{"@type":"ListItem","position":2,"name":"NDI Journey","item":"https:\/\/nazarene.org\/es\/ndi-journey\/"},{"@type":"ListItem","position":3,"name":"Escuela B\u00edblica Vacaional"}]},{"@type":"WebSite","@id":"https:\/\/nazarene.org\/es\/#website","url":"https:\/\/nazarene.org\/es\/","name":"Church of the Nazarene","description":"Making Christlike Disciples in the Nations","publisher":{"@id":"https:\/\/nazarene.org\/es\/#organization"},"potentialAction":[{"@type":"SearchAction","target":{"@type":"EntryPoint","urlTemplate":"https:\/\/nazarene.org\/es\/?s={search_term_string}"},"query-input":{"@type":"PropertyValueSpecification","valueRequired":true,"valueName":"search_term_string"}}],"inLanguage":"es"},{"@type":"Organization","@id":"https:\/\/nazarene.org\/es\/#organization","name":"Church of the Nazarene","url":"https:\/\/nazarene.org\/es\/","logo":{"@type":"ImageObject","inLanguage":"es","@id":"https:\/\/nazarene.org\/es\/#\/schema\/logo\/image\/","url":"https:\/\/nazarene.org\/wp-content\/uploads\/2024\/06\/Naz_Desktop_Black_Logo-1.svg","contentUrl":"https:\/\/nazarene.org\/wp-content\/uploads\/2024\/06\/Naz_Desktop_Black_Logo-1.svg","width":258,"height":36,"caption":"Church of the Nazarene"},"image":{"@id":"https:\/\/nazarene.org\/es\/#\/schema\/logo\/image\/"},"sameAs":["https:\/\/www.facebook.com\/NazareneOfficial\/","https:\/\/x.com\/Nazarene","https:\/\/www.instagram.com\/nazareneofficial\/"]}]}},"_links":{"self":[{"href":"https:\/\/nazarene.org\/es\/wp-json\/wp\/v2\/ndi-journey\/41858","targetHints":{"allow":["GET"]}}],"collection":[{"href":"https:\/\/nazarene.org\/es\/wp-json\/wp\/v2\/ndi-journey"}],"about":[{"href":"https:\/\/nazarene.org\/es\/wp-json\/wp\/v2\/types\/ndi-journey"}],"version-history":[{"count":2,"href":"https:\/\/nazarene.org\/es\/wp-json\/wp\/v2\/ndi-journey\/41858\/revisions"}],"predecessor-version":[{"id":72169,"href":"https:\/\/nazarene.org\/es\/wp-json\/wp\/v2\/ndi-journey\/41858\/revisions\/72169"}],"wp:featuredmedia":[{"embeddable":true,"href":"https:\/\/nazarene.org\/es\/wp-json\/wp\/v2\/media\/22590"}],"wp:attachment":[{"href":"https:\/\/nazarene.org\/es\/wp-json\/wp\/v2\/media?parent=41858"}],"wp:term":[{"taxonomy":"ndi-journey-tags","embeddable":true,"href":"https:\/\/nazarene.org\/es\/wp-json\/wp\/v2\/ndi-journey-tags?post=41858"}],"curies":[{"name":"wp","href":"https:\/\/api.w.org\/{rel}","templated":true}]}}